{"id":10533,"date":"2023-08-08T19:46:43","date_gmt":"2023-08-08T22:46:43","guid":{"rendered":"https:\/\/www.findesiglo.com.uy\/tienda\/?post_type=product&#038;p=10533"},"modified":"2025-09-11T12:46:23","modified_gmt":"2025-09-11T15:46:23","slug":"un-mundo-sin-gloria-de-leonardo-haberkon","status":"publish","type":"product","link":"https:\/\/www.findesiglo.com.uy\/tienda\/libro\/un-mundo-sin-gloria-de-leonardo-haberkon\/","title":{"rendered":"Un mundo sin Gloria &#8211; de Leonardo Haberkorn"},"content":{"rendered":"<p><strong>Tercera edici\u00f3n revisada y ampliada de Cr\u00f3nicas de sangre, sudor y l\u00e1grimas de Leonardo Haberkorn<\/strong><br \/>\nPara Leonardo Haberkorn escribir es profesi\u00f3n y pasi\u00f3n: con solvencia controla esta \u00faltima y la desata en el lector, que queda atrapado por su mirada perspicaz y a veces c\u00e1ustica.<\/p>\n<p>Sentimos la chirriante fricci\u00f3n de la locomotora con los rieles \u2014superpuesta a los gritos de aliento\u2014 momentos antes de la \u00f3pera tr\u00e1gica montada por un programa de televisi\u00f3n que tuvo un final letal en Young. Vemos la trasmutaci\u00f3n de un descubrimiento cient\u00edfico, la quita de la condici\u00f3n de planeta a Plut\u00f3n, en una tramoya de alta pol\u00edtica y diplomacia. Nos compadecemos con los familiares de los muertos en la tragedia de los Andes, en un contrapunto impactante con quienes ocupan los escenarios y reciben de los focos luminosos una especie de aura m\u00edtica. Recorremos con el misterioso Lestat \u2014el tirabombas de Fray Bentos\u2014 y su compa\u00f1era uruguaya el periplo de muerte y explosiones en tierras bolivianas. Nos sumergimos en el desborde de fanatismo del s\u00e1dico cura de la Comunidad Jerusal\u00e9n.<\/p>\n<p>Percibimos los filos, a veces cortantes, de la personalidad de Mario Benedetti mostrados en sus relieves y oquedades; la oronda despreocupaci\u00f3n por su nombre de un uruguayo que se llama Hitler; el esp\u00edritu de gesta heroica que expande el entrenador Julio Ribas en sus huestes; la exquisita sensibilidad de un criador de esturiones que se niega a sacrificar a sus criaturas para extraerles caviar; el suicidio de una mujer polic\u00eda desbordada por la angustia de la sobrevivencia pura y llana; la febril perseverancia del inventor de un motor a aire comprimido enfrentado al universo del petr\u00f3leo.<\/p>\n<p>En esta edici\u00f3n se suman cuatro historias: la del fallo incesante de la Justicia para retener a un abusador de ni\u00f1as; la de tres uruguayos exitosos que comparten un origen en la misma calle del barrio Maro\u00f1as, a cuadras de un cantegril; la de una panificadora que funciona dentro de una c\u00e1rcel; la de una mujer trabajadora que supo ser \u00abesclava, fugitiva, pobre, empresaria narco, rica, insomne y presidiaria\u00bb.<\/p>\n<p>Estos relatos de Haberkorn tienen la solvencia del buen periodismo, tienen la magia de la buena literatura.<\/p>\n<h2>LEONARDO HABERKORN<\/h2>\n<p>Periodista. Autor de libros de no ficci\u00f3n.<\/p>\n<p>Ha trabajado en numerosos medios de Uruguay. Hoy\u00a0se desempe\u00f1a en el canal de televisi\u00f3n Teledoce y en el diario\u00a0<i>El\u00a0Observador<\/i>. Fue\u00a0corresponsal en Uruguay de la agencia de noticias Associated Press (AP) entre 2013 y 2019.<\/p>\n<p>Public\u00f3 15 libros. Entre ellos,\u00a0<i>Pablo Bengoechea, la clase del Profesor<\/i>;\u00a0<i>Historias tupamaras<\/i>;\u00a0<i>Milicos y tupas<\/i>\u00a0(premio Bartolom\u00e9 Hidalgo y Libro de Oro 2011);\u00a0<i>Gavazzo. Sin piedad<\/i>;\u00a0<i>Historias uruguayas<\/i>;\u00a0<i>Liberaij. La verdadera historia del caso Plata quemada<\/i>;\u00a0<i>La muy fiel y reconquistadora<\/i>;\u00a0<i>Herencia maldita<\/i>\u00a0y\u00a0<i>Richard Read, ALQLyE<\/i>.<\/p>\n<p>Ha sido incluido en antolog\u00edas de periodismo narrativo publicadas en Chile, M\u00e9xico, Espa\u00f1a, Inglaterra y Polonia. Sus trabajos han sido traducidos al ingl\u00e9s, italiano, flamenco, polaco y hebreo.<\/p>\n","protected":false},"excerpt":{"rendered":"<p>Tercera edici\u00f3n revisada y ampliada de Cr\u00f3nicas de sangre, sudor y l\u00e1grimas de Leonardo Haberkorn Para Leonardo Haberkorn escribir es [&#8230;]\n","protected":false},"featured_media":10535,"comment_status":"closed","ping_status":"closed","template":"","meta":[],"product_brand":[],"product_cat":[92,75],"product_tag":[],"class_list":{"0":"post-10533","1":"product","2":"type-product","3":"status-publish","4":"has-post-thumbnail","6":"product_cat-cronicas","7":"product_cat-narrativa","8":"pa_ano-de-edicion-1991","9":"pa_autor-leonardo-haberkorn","11":"first","12":"instock","13":"shipping-taxable","14":"purchasable","15":"product-type-simple"},"yoast_head":"<!-- This site is optimized with the Yoast SEO Premium plugin v19.3 (Yoast SEO v27.6) - https:\/\/yoast.com\/product\/yoast-seo-premium-wordpress\/ -->\n<title>Un mundo sin Gloria - de Leonardo Haberkorn - Editorial Fin de Siglo - Librer\u00eda Online<\/title>\n<meta name=\"description\" content=\"Tercera edici\u00f3n revisada y ampliada de Cr\u00f3nicas de sangre, sudor y l\u00e1grimas de Leonardo Haberkorn Para Leonardo Haberkorn escribir es profesi\u00f3n y pasi\u00f3n:\" \/>\n<meta name=\"robots\" content=\"index, follow, max-snippet:-1, max-image-preview:large, max-video-preview:-1\" \/>\n<link rel=\"canonical\" href=\"https:\/\/www.findesiglo.com.uy\/tienda\/libro\/un-mundo-sin-gloria-de-leonardo-haberkon\/\" \/>\n<meta property=\"og:locale\" content=\"es_ES\" \/>\n<meta property=\"og:type\" content=\"article\" \/>\n<meta property=\"og:title\" content=\"Un mundo sin Gloria - de Leonardo Haberkorn\" \/>\n<meta property=\"og:description\" content=\"Tercera edici\u00f3n revisada y ampliada de Cr\u00f3nicas de sangre, sudor y l\u00e1grimas de Leonardo Haberkorn Para Leonardo Haberkorn escribir es profesi\u00f3n y pasi\u00f3n:\" \/>\n<meta property=\"og:url\" content=\"https:\/\/www.findesiglo.com.uy\/tienda\/libro\/un-mundo-sin-gloria-de-leonardo-haberkon\/\" \/>\n<meta property=\"og:site_name\" content=\"Editorial Fin de Siglo - Librer\u00eda Online\" \/>\n<meta property=\"article:publisher\" content=\"https:\/\/www.facebook.com\/findesiglo\/\" \/>\n<meta property=\"article:modified_time\" content=\"2025-09-11T15:46:23+00:00\" \/>\n<meta property=\"og:image\" content=\"https:\/\/www.findesiglo.com.uy\/tienda\/wp-content\/uploads\/2023\/08\/UN-MUNDO-SIN-GLORIA-LEONARDO-HABERKORN.jpg\" \/>\n\t<meta property=\"og:image:width\" content=\"1000\" \/>\n\t<meta property=\"og:image:height\" content=\"1400\" \/>\n\t<meta property=\"og:image:type\" content=\"image\/jpeg\" \/>\n<meta name=\"twitter:card\" content=\"summary_large_image\" \/>\n<meta name=\"twitter:site\" content=\"@findesiglo1\" \/>\n<meta name=\"twitter:label1\" content=\"Tiempo de lectura\" \/>\n\t<meta name=\"twitter:data1\" content=\"3 minutos\" \/>\n<script type=\"application\/ld+json\" class=\"yoast-schema-graph\">{\"@context\":\"https:\\\/\\\/schema.org\",\"@graph\":[{\"@type\":\"WebPage\",\"@id\":\"https:\\\/\\\/www.findesiglo.com.uy\\\/tienda\\\/libro\\\/un-mundo-sin-gloria-de-leonardo-haberkon\\\/\",\"url\":\"https:\\\/\\\/www.findesiglo.com.uy\\\/tienda\\\/libro\\\/un-mundo-sin-gloria-de-leonardo-haberkon\\\/\",\"name\":\"Un mundo sin Gloria - de Leonardo Haberkorn - Editorial Fin de Siglo - Librer\u00eda Online\",\"isPartOf\":{\"@id\":\"https:\\\/\\\/www.findesiglo.com.uy\\\/tienda\\\/#website\"},\"primaryImageOfPage\":{\"@id\":\"https:\\\/\\\/www.findesiglo.com.uy\\\/tienda\\\/libro\\\/un-mundo-sin-gloria-de-leonardo-haberkon\\\/#primaryimage\"},\"image\":{\"@id\":\"https:\\\/\\\/www.findesiglo.com.uy\\\/tienda\\\/libro\\\/un-mundo-sin-gloria-de-leonardo-haberkon\\\/#primaryimage\"},\"thumbnailUrl\":\"https:\\\/\\\/www.findesiglo.com.uy\\\/tienda\\\/wp-content\\\/uploads\\\/2023\\\/08\\\/UN-MUNDO-SIN-GLORIA-LEONARDO-HABERKORN.jpg\",\"datePublished\":\"2023-08-08T22:46:43+00:00\",\"dateModified\":\"2025-09-11T15:46:23+00:00\",\"description\":\"Tercera edici\u00f3n revisada y ampliada de Cr\u00f3nicas de sangre, sudor y l\u00e1grimas de Leonardo Haberkorn Para Leonardo Haberkorn escribir es profesi\u00f3n y pasi\u00f3n:\",\"breadcrumb\":{\"@id\":\"https:\\\/\\\/www.findesiglo.com.uy\\\/tienda\\\/libro\\\/un-mundo-sin-gloria-de-leonardo-haberkon\\\/#breadcrumb\"},\"inLanguage\":\"es\",\"potentialAction\":[{\"@type\":\"ReadAction\",\"target\":[\"https:\\\/\\\/www.findesiglo.com.uy\\\/tienda\\\/libro\\\/un-mundo-sin-gloria-de-leonardo-haberkon\\\/\"]}]},{\"@type\":\"ImageObject\",\"inLanguage\":\"es\",\"@id\":\"https:\\\/\\\/www.findesiglo.com.uy\\\/tienda\\\/libro\\\/un-mundo-sin-gloria-de-leonardo-haberkon\\\/#primaryimage\",\"url\":\"https:\\\/\\\/www.findesiglo.com.uy\\\/tienda\\\/wp-content\\\/uploads\\\/2023\\\/08\\\/UN-MUNDO-SIN-GLORIA-LEONARDO-HABERKORN.jpg\",\"contentUrl\":\"https:\\\/\\\/www.findesiglo.com.uy\\\/tienda\\\/wp-content\\\/uploads\\\/2023\\\/08\\\/UN-MUNDO-SIN-GLORIA-LEONARDO-HABERKORN.jpg\",\"width\":1000,\"height\":1400,\"caption\":\"Un mundo sin Gloria (ISBN: 978-9915-672-69-4), tercera edici\u00f3n revisada y ampliada de Cr\u00f3nicas de sangre, sudor y l\u00e1grimas de Leonardo Haberkon\"},{\"@type\":\"BreadcrumbList\",\"@id\":\"https:\\\/\\\/www.findesiglo.com.uy\\\/tienda\\\/libro\\\/un-mundo-sin-gloria-de-leonardo-haberkon\\\/#breadcrumb\",\"itemListElement\":[{\"@type\":\"ListItem\",\"position\":1,\"name\":\"Portada\",\"item\":\"https:\\\/\\\/www.findesiglo.com.uy\\\/tienda\\\/\"},{\"@type\":\"ListItem\",\"position\":2,\"name\":\"Librer\u00eda Online Fin de Siglo\",\"item\":\"https:\\\/\\\/www.findesiglo.com.uy\\\/tienda\\\/libreria-online-fin-de-siglo\\\/\"},{\"@type\":\"ListItem\",\"position\":3,\"name\":\"Un mundo sin Gloria &#8211; de Leonardo Haberkorn\"}]},{\"@type\":\"WebSite\",\"@id\":\"https:\\\/\\\/www.findesiglo.com.uy\\\/tienda\\\/#website\",\"url\":\"https:\\\/\\\/www.findesiglo.com.uy\\\/tienda\\\/\",\"name\":\"Editorial Fin de Siglo - Librer\u00eda Online\",\"description\":\"Librer\u00eda Online de Editorial Fin de Siglo\",\"publisher\":{\"@id\":\"https:\\\/\\\/www.findesiglo.com.uy\\\/tienda\\\/#organization\"},\"potentialAction\":[{\"@type\":\"SearchAction\",\"target\":{\"@type\":\"EntryPoint\",\"urlTemplate\":\"https:\\\/\\\/www.findesiglo.com.uy\\\/tienda\\\/?s={search_term_string}\"},\"query-input\":{\"@type\":\"PropertyValueSpecification\",\"valueRequired\":true,\"valueName\":\"search_term_string\"}}],\"inLanguage\":\"es\"},{\"@type\":\"Organization\",\"@id\":\"https:\\\/\\\/www.findesiglo.com.uy\\\/tienda\\\/#organization\",\"name\":\"Editorial Fin de Siglo\",\"url\":\"https:\\\/\\\/www.findesiglo.com.uy\\\/tienda\\\/\",\"logo\":{\"@type\":\"ImageObject\",\"inLanguage\":\"es\",\"@id\":\"https:\\\/\\\/www.findesiglo.com.uy\\\/tienda\\\/#\\\/schema\\\/logo\\\/image\\\/\",\"url\":\"https:\\\/\\\/www.findesiglo.com.uy\\\/tienda\\\/wp-content\\\/uploads\\\/2020\\\/05\\\/logo_editorial_fin_de_siglo_03.png\",\"contentUrl\":\"https:\\\/\\\/www.findesiglo.com.uy\\\/tienda\\\/wp-content\\\/uploads\\\/2020\\\/05\\\/logo_editorial_fin_de_siglo_03.png\",\"width\":260,\"height\":99,\"caption\":\"Editorial Fin de Siglo\"},\"image\":{\"@id\":\"https:\\\/\\\/www.findesiglo.com.uy\\\/tienda\\\/#\\\/schema\\\/logo\\\/image\\\/\"},\"sameAs\":[\"https:\\\/\\\/www.facebook.com\\\/findesiglo\\\/\",\"https:\\\/\\\/x.com\\\/findesiglo1\",\"https:\\\/\\\/www.instagram.com\\\/findesiglo.uy\"]}]}<\/script>\n<!-- \/ Yoast SEO Premium plugin. -->","yoast_head_json":{"title":"Un mundo sin Gloria - de Leonardo Haberkorn - Editorial Fin de Siglo - Librer\u00eda Online","description":"Tercera edici\u00f3n revisada y ampliada de Cr\u00f3nicas de sangre, sudor y l\u00e1grimas de Leonardo Haberkorn Para Leonardo Haberkorn escribir es profesi\u00f3n y pasi\u00f3n:","robots":{"index":"index","follow":"follow","max-snippet":"max-snippet:-1","max-image-preview":"max-image-preview:large","max-video-preview":"max-video-preview:-1"},"canonical":"https:\/\/www.findesiglo.com.uy\/tienda\/libro\/un-mundo-sin-gloria-de-leonardo-haberkon\/","og_locale":"es_ES","og_type":"article","og_title":"Un mundo sin Gloria - de Leonardo Haberkorn","og_description":"Tercera edici\u00f3n revisada y ampliada de Cr\u00f3nicas de sangre, sudor y l\u00e1grimas de Leonardo Haberkorn Para Leonardo Haberkorn escribir es profesi\u00f3n y pasi\u00f3n:","og_url":"https:\/\/www.findesiglo.com.uy\/tienda\/libro\/un-mundo-sin-gloria-de-leonardo-haberkon\/","og_site_name":"Editorial Fin de Siglo - Librer\u00eda Online","article_publisher":"https:\/\/www.facebook.com\/findesiglo\/","article_modified_time":"2025-09-11T15:46:23+00:00","og_image":[{"width":1000,"height":1400,"url":"https:\/\/www.findesiglo.com.uy\/tienda\/wp-content\/uploads\/2023\/08\/UN-MUNDO-SIN-GLORIA-LEONARDO-HABERKORN.jpg","type":"image\/jpeg"}],"twitter_card":"summary_large_image","twitter_site":"@findesiglo1","twitter_misc":{"Tiempo de lectura":"3 minutos"},"schema":{"@context":"https:\/\/schema.org","@graph":[{"@type":"WebPage","@id":"https:\/\/www.findesiglo.com.uy\/tienda\/libro\/un-mundo-sin-gloria-de-leonardo-haberkon\/","url":"https:\/\/www.findesiglo.com.uy\/tienda\/libro\/un-mundo-sin-gloria-de-leonardo-haberkon\/","name":"Un mundo sin Gloria - de Leonardo Haberkorn - Editorial Fin de Siglo - Librer\u00eda Online","isPartOf":{"@id":"https:\/\/www.findesiglo.com.uy\/tienda\/#website"},"primaryImageOfPage":{"@id":"https:\/\/www.findesiglo.com.uy\/tienda\/libro\/un-mundo-sin-gloria-de-leonardo-haberkon\/#primaryimage"},"image":{"@id":"https:\/\/www.findesiglo.com.uy\/tienda\/libro\/un-mundo-sin-gloria-de-leonardo-haberkon\/#primaryimage"},"thumbnailUrl":"https:\/\/www.findesiglo.com.uy\/tienda\/wp-content\/uploads\/2023\/08\/UN-MUNDO-SIN-GLORIA-LEONARDO-HABERKORN.jpg","datePublished":"2023-08-08T22:46:43+00:00","dateModified":"2025-09-11T15:46:23+00:00","description":"Tercera edici\u00f3n revisada y ampliada de Cr\u00f3nicas de sangre, sudor y l\u00e1grimas de Leonardo Haberkorn Para Leonardo Haberkorn escribir es profesi\u00f3n y pasi\u00f3n:","breadcrumb":{"@id":"https:\/\/www.findesiglo.com.uy\/tienda\/libro\/un-mundo-sin-gloria-de-leonardo-haberkon\/#breadcrumb"},"inLanguage":"es","potentialAction":[{"@type":"ReadAction","target":["https:\/\/www.findesiglo.com.uy\/tienda\/libro\/un-mundo-sin-gloria-de-leonardo-haberkon\/"]}]},{"@type":"ImageObject","inLanguage":"es","@id":"https:\/\/www.findesiglo.com.uy\/tienda\/libro\/un-mundo-sin-gloria-de-leonardo-haberkon\/#primaryimage","url":"https:\/\/www.findesiglo.com.uy\/tienda\/wp-content\/uploads\/2023\/08\/UN-MUNDO-SIN-GLORIA-LEONARDO-HABERKORN.jpg","contentUrl":"https:\/\/www.findesiglo.com.uy\/tienda\/wp-content\/uploads\/2023\/08\/UN-MUNDO-SIN-GLORIA-LEONARDO-HABERKORN.jpg","width":1000,"height":1400,"caption":"Un mundo sin Gloria (ISBN: 978-9915-672-69-4), tercera edici\u00f3n revisada y ampliada de Cr\u00f3nicas de sangre, sudor y l\u00e1grimas de Leonardo Haberkon"},{"@type":"BreadcrumbList","@id":"https:\/\/www.findesiglo.com.uy\/tienda\/libro\/un-mundo-sin-gloria-de-leonardo-haberkon\/#breadcrumb","itemListElement":[{"@type":"ListItem","position":1,"name":"Portada","item":"https:\/\/www.findesiglo.com.uy\/tienda\/"},{"@type":"ListItem","position":2,"name":"Librer\u00eda Online Fin de Siglo","item":"https:\/\/www.findesiglo.com.uy\/tienda\/libreria-online-fin-de-siglo\/"},{"@type":"ListItem","position":3,"name":"Un mundo sin Gloria &#8211; de Leonardo Haberkorn"}]},{"@type":"WebSite","@id":"https:\/\/www.findesiglo.com.uy\/tienda\/#website","url":"https:\/\/www.findesiglo.com.uy\/tienda\/","name":"Editorial Fin de Siglo - Librer\u00eda Online","description":"Librer\u00eda Online de Editorial Fin de Siglo","publisher":{"@id":"https:\/\/www.findesiglo.com.uy\/tienda\/#organization"},"potentialAction":[{"@type":"SearchAction","target":{"@type":"EntryPoint","urlTemplate":"https:\/\/www.findesiglo.com.uy\/tienda\/?s={search_term_string}"},"query-input":{"@type":"PropertyValueSpecification","valueRequired":true,"valueName":"search_term_string"}}],"inLanguage":"es"},{"@type":"Organization","@id":"https:\/\/www.findesiglo.com.uy\/tienda\/#organization","name":"Editorial Fin de Siglo","url":"https:\/\/www.findesiglo.com.uy\/tienda\/","logo":{"@type":"ImageObject","inLanguage":"es","@id":"https:\/\/www.findesiglo.com.uy\/tienda\/#\/schema\/logo\/image\/","url":"https:\/\/www.findesiglo.com.uy\/tienda\/wp-content\/uploads\/2020\/05\/logo_editorial_fin_de_siglo_03.png","contentUrl":"https:\/\/www.findesiglo.com.uy\/tienda\/wp-content\/uploads\/2020\/05\/logo_editorial_fin_de_siglo_03.png","width":260,"height":99,"caption":"Editorial Fin de Siglo"},"image":{"@id":"https:\/\/www.findesiglo.com.uy\/tienda\/#\/schema\/logo\/image\/"},"sameAs":["https:\/\/www.facebook.com\/findesiglo\/","https:\/\/x.com\/findesiglo1","https:\/\/www.instagram.com\/findesiglo.uy"]}]}},"_links":{"self":[{"href":"https:\/\/www.findesiglo.com.uy\/tienda\/wp-json\/wp\/v2\/product\/10533","targetHints":{"allow":["GET"]}}],"collection":[{"href":"https:\/\/www.findesiglo.com.uy\/tienda\/wp-json\/wp\/v2\/product"}],"about":[{"href":"https:\/\/www.findesiglo.com.uy\/tienda\/wp-json\/wp\/v2\/types\/product"}],"replies":[{"embeddable":true,"href":"https:\/\/www.findesiglo.com.uy\/tienda\/wp-json\/wp\/v2\/comments?post=10533"}],"wp:featuredmedia":[{"embeddable":true,"href":"https:\/\/www.findesiglo.com.uy\/tienda\/wp-json\/wp\/v2\/media\/10535"}],"wp:attachment":[{"href":"https:\/\/www.findesiglo.com.uy\/tienda\/wp-json\/wp\/v2\/media?parent=10533"}],"wp:term":[{"taxonomy":"product_brand","embeddable":true,"href":"https:\/\/www.findesiglo.com.uy\/tienda\/wp-json\/wp\/v2\/product_brand?post=10533"},{"taxonomy":"product_cat","embeddable":true,"href":"https:\/\/www.findesiglo.com.uy\/tienda\/wp-json\/wp\/v2\/product_cat?post=10533"},{"taxonomy":"product_tag","embeddable":true,"href":"https:\/\/www.findesiglo.com.uy\/tienda\/wp-json\/wp\/v2\/product_tag?post=10533"}],"curies":[{"name":"wp","href":"https:\/\/api.w.org\/{rel}","templated":true}]}}