{"id":13386,"date":"2025-10-02T15:55:00","date_gmt":"2025-10-02T18:55:00","guid":{"rendered":"https:\/\/www.findesiglo.com.uy\/tienda\/?post_type=product&#038;p=13386"},"modified":"2025-11-04T22:01:04","modified_gmt":"2025-11-05T01:01:04","slug":"camerata-cambiar-la-musica-cambiar-el-mundo","status":"publish","type":"product","link":"https:\/\/www.findesiglo.com.uy\/tienda\/libro\/camerata-cambiar-la-musica-cambiar-el-mundo\/","title":{"rendered":"Camerata. Cambiar la m\u00fasica, cambiar el mundo"},"content":{"rendered":"<p><span style=\"font-weight: 400;\">La historia de Camerata es mucho m\u00e1s que la de una agrupaci\u00f3n musical. Es la historia pol\u00edtica y cultural de Uruguay durante m\u00e1s de tres d\u00e9cadas, atravesadas por el sue\u00f1o de la revoluci\u00f3n, la pesadilla de la dictadura y el dif\u00edcil pero anhelado despertar de la democracia. Ejecutantes talentos\u00edsimos dispuestos a experimentar con la m\u00fasica de c\u00e1mara y los ritmos populares, pero que tambi\u00e9n compart\u00edan un compromiso pol\u00edtico inquebrantable. Ese compromiso los llevar\u00eda a la detenci\u00f3n, a soportar torturas y a exiliarse, en uno de los derroteros art\u00edsticos m\u00e1s singulares de Am\u00e9rica Latina.<\/span><\/p>\n<p><span style=\"font-weight: 400;\">Roberto L\u00f3pez Belloso reuni\u00f3 testimonios y documentos de la \u00e9poca para dar forma a esta biograf\u00eda colectiva, que recorre las ilusiones, el \u00e9xito y hasta los desencuentros de los integrantes de Camerata. Combina perfectamente los detalles musicales con la historia de un pa\u00eds en llamas. Hay m\u00fasica en estas p\u00e1ginas. En cada p\u00e1rrafo resuenan el tango y el candombe, la m\u00fasica barroca y la <\/span><i><span style=\"font-weight: 400;\">bossa nova<\/span><\/i><span style=\"font-weight: 400;\">. Est\u00e1 tambi\u00e9n la memoria viva de un pa\u00eds orgulloso de su arte y de sus luchas.<\/span><\/p>\n<p><span style=\"font-weight: 400;\">Sergio Olgu\u00edn<\/span><\/p>\n<hr \/>\n<p><strong>ROBERTO LOPEZ BELLOSO<\/strong><\/p>\n<p><span style=\"font-weight: 400;\">(Maldonado, 1969)<\/span><\/p>\n<p><span style=\"font-weight: 400;\">Periodista y poeta. Obtuvo el Premio Nacional de Literatura en tres ocasiones, as\u00ed como los premios Onetti y Bartolom\u00e9 Hidalgo.<\/span><\/p>\n<p><span style=\"font-weight: 400;\">Fue jefe de redacci\u00f3n de <\/span><i><span style=\"font-weight: 400;\">Brecha <\/span><\/i><span style=\"font-weight: 400;\">y en la actualidad es el director de la edici\u00f3n uruguaya de <\/span><i><span style=\"font-weight: 400;\">Le Monde Diplomatique.<\/span><\/i><\/p>\n<p><span style=\"font-weight: 400;\">En 2024 public\u00f3 con Fin de Siglo <\/span><i><span style=\"font-weight: 400;\">Hijos de \u00c1frica. La brigada de comunistas uruguayos en la guerra civil de Angola.<\/span><\/i><\/p>\n","protected":false},"excerpt":{"rendered":"<p>La historia de Camerata es mucho m\u00e1s que la de una agrupaci\u00f3n musical. Es la historia pol\u00edtica y cultural de [&#8230;]\n","protected":false},"featured_media":13387,"comment_status":"closed","ping_status":"closed","template":"","meta":[],"product_brand":[],"product_cat":[92,78,110,165],"product_tag":[],"class_list":{"0":"post-13386","1":"product","2":"type-product","3":"status-publish","4":"has-post-thumbnail","6":"product_cat-cronicas","7":"product_cat-historia","8":"product_cat-musica","9":"product_cat-periodistico","10":"pa_ano-de-edicion-2134","11":"pa_autor-roberto-lopez-belloso","13":"first","14":"instock","15":"shipping-taxable","16":"purchasable","17":"product-type-simple"},"yoast_head":"<!-- This site is optimized with the Yoast SEO Premium plugin v19.3 (Yoast SEO v27.6) - https:\/\/yoast.com\/product\/yoast-seo-premium-wordpress\/ -->\n<title>Camerata. Cambiar la m\u00fasica, cambiar el mundo - Editorial Fin de Siglo - Librer\u00eda Online<\/title>\n<meta name=\"description\" content=\"La historia de Camerata es mucho m\u00e1s que la de una agrupaci\u00f3n musical. Es la historia pol\u00edtica y cultural de Uruguay durante m\u00e1s de tres d\u00e9cadas,\" \/>\n<meta name=\"robots\" content=\"index, follow, max-snippet:-1, max-image-preview:large, max-video-preview:-1\" \/>\n<link rel=\"canonical\" href=\"https:\/\/www.findesiglo.com.uy\/tienda\/libro\/camerata-cambiar-la-musica-cambiar-el-mundo\/\" \/>\n<meta property=\"og:locale\" content=\"es_ES\" \/>\n<meta property=\"og:type\" content=\"article\" \/>\n<meta property=\"og:title\" content=\"Camerata. Cambiar la m\u00fasica, cambiar el mundo\" \/>\n<meta property=\"og:description\" content=\"La historia de Camerata es mucho m\u00e1s que la de una agrupaci\u00f3n musical. Es la historia pol\u00edtica y cultural de Uruguay durante m\u00e1s de tres d\u00e9cadas,\" \/>\n<meta property=\"og:url\" content=\"https:\/\/www.findesiglo.com.uy\/tienda\/libro\/camerata-cambiar-la-musica-cambiar-el-mundo\/\" \/>\n<meta property=\"og:site_name\" content=\"Editorial Fin de Siglo - Librer\u00eda Online\" \/>\n<meta property=\"article:publisher\" content=\"https:\/\/www.facebook.com\/findesiglo\/\" \/>\n<meta property=\"article:modified_time\" content=\"2025-11-05T01:01:04+00:00\" \/>\n<meta property=\"og:image\" content=\"https:\/\/www.findesiglo.com.uy\/tienda\/wp-content\/uploads\/2025\/10\/camerata.jpg\" \/>\n\t<meta property=\"og:image:width\" content=\"1000\" \/>\n\t<meta property=\"og:image:height\" content=\"1400\" \/>\n\t<meta property=\"og:image:type\" content=\"image\/jpeg\" \/>\n<meta name=\"twitter:card\" content=\"summary_large_image\" \/>\n<meta name=\"twitter:site\" content=\"@findesiglo1\" \/>\n<meta name=\"twitter:label1\" content=\"Tiempo de lectura\" \/>\n\t<meta name=\"twitter:data1\" content=\"1 minuto\" \/>\n<script type=\"application\/ld+json\" class=\"yoast-schema-graph\">{\"@context\":\"https:\\\/\\\/schema.org\",\"@graph\":[{\"@type\":\"WebPage\",\"@id\":\"https:\\\/\\\/www.findesiglo.com.uy\\\/tienda\\\/libro\\\/camerata-cambiar-la-musica-cambiar-el-mundo\\\/\",\"url\":\"https:\\\/\\\/www.findesiglo.com.uy\\\/tienda\\\/libro\\\/camerata-cambiar-la-musica-cambiar-el-mundo\\\/\",\"name\":\"Camerata. Cambiar la m\u00fasica, cambiar el mundo - Editorial Fin de Siglo - Librer\u00eda Online\",\"isPartOf\":{\"@id\":\"https:\\\/\\\/www.findesiglo.com.uy\\\/tienda\\\/#website\"},\"primaryImageOfPage\":{\"@id\":\"https:\\\/\\\/www.findesiglo.com.uy\\\/tienda\\\/libro\\\/camerata-cambiar-la-musica-cambiar-el-mundo\\\/#primaryimage\"},\"image\":{\"@id\":\"https:\\\/\\\/www.findesiglo.com.uy\\\/tienda\\\/libro\\\/camerata-cambiar-la-musica-cambiar-el-mundo\\\/#primaryimage\"},\"thumbnailUrl\":\"https:\\\/\\\/www.findesiglo.com.uy\\\/tienda\\\/wp-content\\\/uploads\\\/2025\\\/10\\\/camerata.jpg\",\"datePublished\":\"2025-10-02T18:55:00+00:00\",\"dateModified\":\"2025-11-05T01:01:04+00:00\",\"description\":\"La historia de Camerata es mucho m\u00e1s que la de una agrupaci\u00f3n musical. Es la historia pol\u00edtica y cultural de Uruguay durante m\u00e1s de tres d\u00e9cadas,\",\"breadcrumb\":{\"@id\":\"https:\\\/\\\/www.findesiglo.com.uy\\\/tienda\\\/libro\\\/camerata-cambiar-la-musica-cambiar-el-mundo\\\/#breadcrumb\"},\"inLanguage\":\"es\",\"potentialAction\":[{\"@type\":\"ReadAction\",\"target\":[\"https:\\\/\\\/www.findesiglo.com.uy\\\/tienda\\\/libro\\\/camerata-cambiar-la-musica-cambiar-el-mundo\\\/\"]}]},{\"@type\":\"ImageObject\",\"inLanguage\":\"es\",\"@id\":\"https:\\\/\\\/www.findesiglo.com.uy\\\/tienda\\\/libro\\\/camerata-cambiar-la-musica-cambiar-el-mundo\\\/#primaryimage\",\"url\":\"https:\\\/\\\/www.findesiglo.com.uy\\\/tienda\\\/wp-content\\\/uploads\\\/2025\\\/10\\\/camerata.jpg\",\"contentUrl\":\"https:\\\/\\\/www.findesiglo.com.uy\\\/tienda\\\/wp-content\\\/uploads\\\/2025\\\/10\\\/camerata.jpg\",\"width\":1000,\"height\":1400},{\"@type\":\"BreadcrumbList\",\"@id\":\"https:\\\/\\\/www.findesiglo.com.uy\\\/tienda\\\/libro\\\/camerata-cambiar-la-musica-cambiar-el-mundo\\\/#breadcrumb\",\"itemListElement\":[{\"@type\":\"ListItem\",\"position\":1,\"name\":\"Portada\",\"item\":\"https:\\\/\\\/www.findesiglo.com.uy\\\/tienda\\\/\"},{\"@type\":\"ListItem\",\"position\":2,\"name\":\"Librer\u00eda Online Fin de Siglo\",\"item\":\"https:\\\/\\\/www.findesiglo.com.uy\\\/tienda\\\/libreria-online-fin-de-siglo\\\/\"},{\"@type\":\"ListItem\",\"position\":3,\"name\":\"Camerata. Cambiar la m\u00fasica, cambiar el mundo\"}]},{\"@type\":\"WebSite\",\"@id\":\"https:\\\/\\\/www.findesiglo.com.uy\\\/tienda\\\/#website\",\"url\":\"https:\\\/\\\/www.findesiglo.com.uy\\\/tienda\\\/\",\"name\":\"Editorial Fin de Siglo - Librer\u00eda Online\",\"description\":\"Librer\u00eda Online de Editorial Fin de Siglo\",\"publisher\":{\"@id\":\"https:\\\/\\\/www.findesiglo.com.uy\\\/tienda\\\/#organization\"},\"potentialAction\":[{\"@type\":\"SearchAction\",\"target\":{\"@type\":\"EntryPoint\",\"urlTemplate\":\"https:\\\/\\\/www.findesiglo.com.uy\\\/tienda\\\/?s={search_term_string}\"},\"query-input\":{\"@type\":\"PropertyValueSpecification\",\"valueRequired\":true,\"valueName\":\"search_term_string\"}}],\"inLanguage\":\"es\"},{\"@type\":\"Organization\",\"@id\":\"https:\\\/\\\/www.findesiglo.com.uy\\\/tienda\\\/#organization\",\"name\":\"Editorial Fin de Siglo\",\"url\":\"https:\\\/\\\/www.findesiglo.com.uy\\\/tienda\\\/\",\"logo\":{\"@type\":\"ImageObject\",\"inLanguage\":\"es\",\"@id\":\"https:\\\/\\\/www.findesiglo.com.uy\\\/tienda\\\/#\\\/schema\\\/logo\\\/image\\\/\",\"url\":\"https:\\\/\\\/www.findesiglo.com.uy\\\/tienda\\\/wp-content\\\/uploads\\\/2020\\\/05\\\/logo_editorial_fin_de_siglo_03.png\",\"contentUrl\":\"https:\\\/\\\/www.findesiglo.com.uy\\\/tienda\\\/wp-content\\\/uploads\\\/2020\\\/05\\\/logo_editorial_fin_de_siglo_03.png\",\"width\":260,\"height\":99,\"caption\":\"Editorial Fin de Siglo\"},\"image\":{\"@id\":\"https:\\\/\\\/www.findesiglo.com.uy\\\/tienda\\\/#\\\/schema\\\/logo\\\/image\\\/\"},\"sameAs\":[\"https:\\\/\\\/www.facebook.com\\\/findesiglo\\\/\",\"https:\\\/\\\/x.com\\\/findesiglo1\",\"https:\\\/\\\/www.instagram.com\\\/findesiglo.uy\"]}]}<\/script>\n<!-- \/ Yoast SEO Premium plugin. -->","yoast_head_json":{"title":"Camerata. Cambiar la m\u00fasica, cambiar el mundo - Editorial Fin de Siglo - Librer\u00eda Online","description":"La historia de Camerata es mucho m\u00e1s que la de una agrupaci\u00f3n musical. Es la historia pol\u00edtica y cultural de Uruguay durante m\u00e1s de tres d\u00e9cadas,","robots":{"index":"index","follow":"follow","max-snippet":"max-snippet:-1","max-image-preview":"max-image-preview:large","max-video-preview":"max-video-preview:-1"},"canonical":"https:\/\/www.findesiglo.com.uy\/tienda\/libro\/camerata-cambiar-la-musica-cambiar-el-mundo\/","og_locale":"es_ES","og_type":"article","og_title":"Camerata. Cambiar la m\u00fasica, cambiar el mundo","og_description":"La historia de Camerata es mucho m\u00e1s que la de una agrupaci\u00f3n musical. Es la historia pol\u00edtica y cultural de Uruguay durante m\u00e1s de tres d\u00e9cadas,","og_url":"https:\/\/www.findesiglo.com.uy\/tienda\/libro\/camerata-cambiar-la-musica-cambiar-el-mundo\/","og_site_name":"Editorial Fin de Siglo - Librer\u00eda Online","article_publisher":"https:\/\/www.facebook.com\/findesiglo\/","article_modified_time":"2025-11-05T01:01:04+00:00","og_image":[{"width":1000,"height":1400,"url":"https:\/\/www.findesiglo.com.uy\/tienda\/wp-content\/uploads\/2025\/10\/camerata.jpg","type":"image\/jpeg"}],"twitter_card":"summary_large_image","twitter_site":"@findesiglo1","twitter_misc":{"Tiempo de lectura":"1 minuto"},"schema":{"@context":"https:\/\/schema.org","@graph":[{"@type":"WebPage","@id":"https:\/\/www.findesiglo.com.uy\/tienda\/libro\/camerata-cambiar-la-musica-cambiar-el-mundo\/","url":"https:\/\/www.findesiglo.com.uy\/tienda\/libro\/camerata-cambiar-la-musica-cambiar-el-mundo\/","name":"Camerata. Cambiar la m\u00fasica, cambiar el mundo - Editorial Fin de Siglo - Librer\u00eda Online","isPartOf":{"@id":"https:\/\/www.findesiglo.com.uy\/tienda\/#website"},"primaryImageOfPage":{"@id":"https:\/\/www.findesiglo.com.uy\/tienda\/libro\/camerata-cambiar-la-musica-cambiar-el-mundo\/#primaryimage"},"image":{"@id":"https:\/\/www.findesiglo.com.uy\/tienda\/libro\/camerata-cambiar-la-musica-cambiar-el-mundo\/#primaryimage"},"thumbnailUrl":"https:\/\/www.findesiglo.com.uy\/tienda\/wp-content\/uploads\/2025\/10\/camerata.jpg","datePublished":"2025-10-02T18:55:00+00:00","dateModified":"2025-11-05T01:01:04+00:00","description":"La historia de Camerata es mucho m\u00e1s que la de una agrupaci\u00f3n musical. Es la historia pol\u00edtica y cultural de Uruguay durante m\u00e1s de tres d\u00e9cadas,","breadcrumb":{"@id":"https:\/\/www.findesiglo.com.uy\/tienda\/libro\/camerata-cambiar-la-musica-cambiar-el-mundo\/#breadcrumb"},"inLanguage":"es","potentialAction":[{"@type":"ReadAction","target":["https:\/\/www.findesiglo.com.uy\/tienda\/libro\/camerata-cambiar-la-musica-cambiar-el-mundo\/"]}]},{"@type":"ImageObject","inLanguage":"es","@id":"https:\/\/www.findesiglo.com.uy\/tienda\/libro\/camerata-cambiar-la-musica-cambiar-el-mundo\/#primaryimage","url":"https:\/\/www.findesiglo.com.uy\/tienda\/wp-content\/uploads\/2025\/10\/camerata.jpg","contentUrl":"https:\/\/www.findesiglo.com.uy\/tienda\/wp-content\/uploads\/2025\/10\/camerata.jpg","width":1000,"height":1400},{"@type":"BreadcrumbList","@id":"https:\/\/www.findesiglo.com.uy\/tienda\/libro\/camerata-cambiar-la-musica-cambiar-el-mundo\/#breadcrumb","itemListElement":[{"@type":"ListItem","position":1,"name":"Portada","item":"https:\/\/www.findesiglo.com.uy\/tienda\/"},{"@type":"ListItem","position":2,"name":"Librer\u00eda Online Fin de Siglo","item":"https:\/\/www.findesiglo.com.uy\/tienda\/libreria-online-fin-de-siglo\/"},{"@type":"ListItem","position":3,"name":"Camerata. Cambiar la m\u00fasica, cambiar el mundo"}]},{"@type":"WebSite","@id":"https:\/\/www.findesiglo.com.uy\/tienda\/#website","url":"https:\/\/www.findesiglo.com.uy\/tienda\/","name":"Editorial Fin de Siglo - Librer\u00eda Online","description":"Librer\u00eda Online de Editorial Fin de Siglo","publisher":{"@id":"https:\/\/www.findesiglo.com.uy\/tienda\/#organization"},"potentialAction":[{"@type":"SearchAction","target":{"@type":"EntryPoint","urlTemplate":"https:\/\/www.findesiglo.com.uy\/tienda\/?s={search_term_string}"},"query-input":{"@type":"PropertyValueSpecification","valueRequired":true,"valueName":"search_term_string"}}],"inLanguage":"es"},{"@type":"Organization","@id":"https:\/\/www.findesiglo.com.uy\/tienda\/#organization","name":"Editorial Fin de Siglo","url":"https:\/\/www.findesiglo.com.uy\/tienda\/","logo":{"@type":"ImageObject","inLanguage":"es","@id":"https:\/\/www.findesiglo.com.uy\/tienda\/#\/schema\/logo\/image\/","url":"https:\/\/www.findesiglo.com.uy\/tienda\/wp-content\/uploads\/2020\/05\/logo_editorial_fin_de_siglo_03.png","contentUrl":"https:\/\/www.findesiglo.com.uy\/tienda\/wp-content\/uploads\/2020\/05\/logo_editorial_fin_de_siglo_03.png","width":260,"height":99,"caption":"Editorial Fin de Siglo"},"image":{"@id":"https:\/\/www.findesiglo.com.uy\/tienda\/#\/schema\/logo\/image\/"},"sameAs":["https:\/\/www.facebook.com\/findesiglo\/","https:\/\/x.com\/findesiglo1","https:\/\/www.instagram.com\/findesiglo.uy"]}]}},"_links":{"self":[{"href":"https:\/\/www.findesiglo.com.uy\/tienda\/wp-json\/wp\/v2\/product\/13386","targetHints":{"allow":["GET"]}}],"collection":[{"href":"https:\/\/www.findesiglo.com.uy\/tienda\/wp-json\/wp\/v2\/product"}],"about":[{"href":"https:\/\/www.findesiglo.com.uy\/tienda\/wp-json\/wp\/v2\/types\/product"}],"replies":[{"embeddable":true,"href":"https:\/\/www.findesiglo.com.uy\/tienda\/wp-json\/wp\/v2\/comments?post=13386"}],"wp:featuredmedia":[{"embeddable":true,"href":"https:\/\/www.findesiglo.com.uy\/tienda\/wp-json\/wp\/v2\/media\/13387"}],"wp:attachment":[{"href":"https:\/\/www.findesiglo.com.uy\/tienda\/wp-json\/wp\/v2\/media?parent=13386"}],"wp:term":[{"taxonomy":"product_brand","embeddable":true,"href":"https:\/\/www.findesiglo.com.uy\/tienda\/wp-json\/wp\/v2\/product_brand?post=13386"},{"taxonomy":"product_cat","embeddable":true,"href":"https:\/\/www.findesiglo.com.uy\/tienda\/wp-json\/wp\/v2\/product_cat?post=13386"},{"taxonomy":"product_tag","embeddable":true,"href":"https:\/\/www.findesiglo.com.uy\/tienda\/wp-json\/wp\/v2\/product_tag?post=13386"}],"curies":[{"name":"wp","href":"https:\/\/api.w.org\/{rel}","templated":true}]}}