{"id":1552,"date":"2020-05-21T10:58:15","date_gmt":"2020-05-21T13:58:15","guid":{"rendered":"https:\/\/www.findesiglo.com.uy\/tienda\/libro\/son-cosas-del-futbol\/"},"modified":"2025-11-21T19:21:06","modified_gmt":"2025-11-21T22:21:06","slug":"son-cosas-del-futbol","status":"publish","type":"product","link":"https:\/\/www.findesiglo.com.uy\/tienda\/libro\/son-cosas-del-futbol\/","title":{"rendered":"Son cosas del f\u00fatbol"},"content":{"rendered":"<p>El uruguayo que jugaba partidos en el fondo de la lujosa mansi\u00f3n del hijo de Gadafi donde los ba\u00f1os ten\u00edan canillas de oro; el golero que firm\u00f3 contrato y comi\u00f3 a la carta en la c\u00e1rcel con Miguel Rodr\u00edguez Orejuela, capo del Cartel de Cali; el volante que toc\u00f3 el cielo con las manos jugando en Real Madrid y que hoy la pelea como un ciudadano m\u00e1s manejando un taxi; las inolvidables an\u00e9cdotas de Pistola Marsicano; las ocurrencias del Loco Monta\u00f1o y las in\u00e9ditas salidas de Juan Ram\u00f3n Carrasco; la intimidad de la selecci\u00f3n que gan\u00f3 la Copa Am\u00e9rica de 2011, el Pe\u00f1arol del quinquenio y las an\u00e9cdotas de Ruben Sosa.<br \/>\nSon cosas del f\u00fatbol es un t\u00edtulo sincero, pero en realidad lo que estas p\u00e1ginas \u2014escritas por Jorge Se\u00f1orans\u2014 cuentan son historias de vida. Historias de haza\u00f1as, tristezas, alegr\u00edas muy poco conocidas hasta ahora, historias tan poderosas como las fotos de Mart\u00edn Cerchiari que atraviesan estas p\u00e1ginas. Jorge Se\u00f1orans logra que el lector sienta, viva y conozca historias de f\u00fatbol y sobre todo historias de hombres.<\/p>\n<p>Mart\u00edn Cerchiari, Uruguay, 1979. Es Licenciado en Ciencias de la Comunicaci\u00f3n (UDELAR) y Realizador Audiovisual de la Escuela de Cine de Cinemateca (ECU). Realiz\u00f3 cursos en el Foto Club Uruguayo con los profesores Jorge Ameal y Alvaro Precovich.<br \/>\nEntre el 2004 y 2006 trabaja como fot\u00f3grafo en el diario La Rep\u00fablica. Entre el 2006 al 2014 pasa al diario El Observador. Durante este tiempo cubri\u00f3 los campeonatos Uruguayos de F\u00fatbol (AUF) y Copas Internacionales de (CONMEBOL) .<br \/>\nEn este per\u00eddodo trabaja tamb\u00eden para la revista \u201c17 Deportes\u201d cubriendo f\u00fatbol, basquetbol y deportes menores.<br \/>\nParalelamente colabora con la agencia Internacional Reuters trabajando para los partidos de eliminatorias de la selecci\u00f3n Uruguaya de f\u00fatbol.<\/p>\n<p>En el 2011 cubri\u00f3 la Copa Am\u00e9rica de f\u00fatbol en Argentina.<br \/>\nDesde el 2014 trabaja como fot\u00f3grafo del Poder Legislativo del Uruguay.<\/p>\n<p>Premios:<br \/>\nPrimer premio y menci\u00f3n concurso internacional de diversidad sexual \u201cLlamale H\u201d 2012, segundo premio y menci\u00f3n \u201cFrontera seca\u201d Ministerio de Desarrollo Social 2008, menci\u00f3n de honor OPTEC 2012.<\/p>\n","protected":false},"excerpt":{"rendered":"<p>El uruguayo que jugaba partidos en el fondo de la lujosa mansi\u00f3n del hijo de Gadafi donde los ba\u00f1os ten\u00edan [&#8230;]\n","protected":false},"featured_media":2536,"comment_status":"open","ping_status":"closed","template":"","meta":[],"product_brand":[],"product_cat":[92,82],"product_tag":[],"class_list":{"0":"post-1552","1":"product","2":"type-product","3":"status-publish","4":"has-post-thumbnail","6":"product_cat-cronicas","7":"product_cat-deporte","8":"pa_autor-jorge-senorans","10":"first","11":"outofstock","12":"shipping-taxable","13":"purchasable","14":"product-type-simple"},"yoast_head":"<!-- This site is optimized with the Yoast SEO Premium plugin v19.3 (Yoast SEO v27.6) - https:\/\/yoast.com\/product\/yoast-seo-premium-wordpress\/ -->\n<title>Son cosas del f\u00fatbol - Editorial Fin de Siglo - Librer\u00eda Online<\/title>\n<meta name=\"description\" content=\"El uruguayo que jugaba partidos en el fondo de la lujosa mansi\u00f3n del hijo de Gadafi donde los ba\u00f1os ten\u00edan canillas de oro; el golero que firm\u00f3 contrato y\" \/>\n<meta name=\"robots\" content=\"index, follow, max-snippet:-1, max-image-preview:large, max-video-preview:-1\" \/>\n<link rel=\"canonical\" href=\"https:\/\/www.findesiglo.com.uy\/tienda\/libro\/son-cosas-del-futbol\/\" \/>\n<meta property=\"og:locale\" content=\"es_ES\" \/>\n<meta property=\"og:type\" content=\"article\" \/>\n<meta property=\"og:title\" content=\"Son cosas del f\u00fatbol\" \/>\n<meta property=\"og:description\" content=\"El uruguayo que jugaba partidos en el fondo de la lujosa mansi\u00f3n del hijo de Gadafi donde los ba\u00f1os ten\u00edan canillas de oro; el golero que firm\u00f3 contrato y\" \/>\n<meta property=\"og:url\" content=\"https:\/\/www.findesiglo.com.uy\/tienda\/libro\/son-cosas-del-futbol\/\" \/>\n<meta property=\"og:site_name\" content=\"Editorial Fin de Siglo - Librer\u00eda Online\" \/>\n<meta property=\"article:publisher\" content=\"https:\/\/www.facebook.com\/findesiglo\/\" \/>\n<meta property=\"article:modified_time\" content=\"2025-11-21T22:21:06+00:00\" \/>\n<meta property=\"og:image\" content=\"https:\/\/www.findesiglo.com.uy\/tienda\/wp-content\/uploads\/2020\/06\/son-cosas-del-futbol-libro.jpg\" \/>\n\t<meta property=\"og:image:width\" content=\"1000\" \/>\n\t<meta property=\"og:image:height\" content=\"1400\" \/>\n\t<meta property=\"og:image:type\" content=\"image\/jpeg\" \/>\n<meta name=\"twitter:card\" content=\"summary_large_image\" \/>\n<meta name=\"twitter:site\" content=\"@findesiglo1\" \/>\n<meta name=\"twitter:label1\" content=\"Tiempo de lectura\" \/>\n\t<meta name=\"twitter:data1\" content=\"2 minutos\" \/>\n<script type=\"application\/ld+json\" class=\"yoast-schema-graph\">{\"@context\":\"https:\\\/\\\/schema.org\",\"@graph\":[{\"@type\":\"WebPage\",\"@id\":\"https:\\\/\\\/www.findesiglo.com.uy\\\/tienda\\\/libro\\\/son-cosas-del-futbol\\\/\",\"url\":\"https:\\\/\\\/www.findesiglo.com.uy\\\/tienda\\\/libro\\\/son-cosas-del-futbol\\\/\",\"name\":\"Son cosas del f\u00fatbol - Editorial Fin de Siglo - Librer\u00eda Online\",\"isPartOf\":{\"@id\":\"https:\\\/\\\/www.findesiglo.com.uy\\\/tienda\\\/#website\"},\"primaryImageOfPage\":{\"@id\":\"https:\\\/\\\/www.findesiglo.com.uy\\\/tienda\\\/libro\\\/son-cosas-del-futbol\\\/#primaryimage\"},\"image\":{\"@id\":\"https:\\\/\\\/www.findesiglo.com.uy\\\/tienda\\\/libro\\\/son-cosas-del-futbol\\\/#primaryimage\"},\"thumbnailUrl\":\"https:\\\/\\\/www.findesiglo.com.uy\\\/tienda\\\/wp-content\\\/uploads\\\/2020\\\/06\\\/son-cosas-del-futbol-libro.jpg\",\"datePublished\":\"2020-05-21T13:58:15+00:00\",\"dateModified\":\"2025-11-21T22:21:06+00:00\",\"description\":\"El uruguayo que jugaba partidos en el fondo de la lujosa mansi\u00f3n del hijo de Gadafi donde los ba\u00f1os ten\u00edan canillas de oro; el golero que firm\u00f3 contrato y\",\"breadcrumb\":{\"@id\":\"https:\\\/\\\/www.findesiglo.com.uy\\\/tienda\\\/libro\\\/son-cosas-del-futbol\\\/#breadcrumb\"},\"inLanguage\":\"es\",\"potentialAction\":[{\"@type\":\"ReadAction\",\"target\":[\"https:\\\/\\\/www.findesiglo.com.uy\\\/tienda\\\/libro\\\/son-cosas-del-futbol\\\/\"]}]},{\"@type\":\"ImageObject\",\"inLanguage\":\"es\",\"@id\":\"https:\\\/\\\/www.findesiglo.com.uy\\\/tienda\\\/libro\\\/son-cosas-del-futbol\\\/#primaryimage\",\"url\":\"https:\\\/\\\/www.findesiglo.com.uy\\\/tienda\\\/wp-content\\\/uploads\\\/2020\\\/06\\\/son-cosas-del-futbol-libro.jpg\",\"contentUrl\":\"https:\\\/\\\/www.findesiglo.com.uy\\\/tienda\\\/wp-content\\\/uploads\\\/2020\\\/06\\\/son-cosas-del-futbol-libro.jpg\",\"width\":1000,\"height\":1400,\"caption\":\"SON COSAS DEL F\u00daTBOL\"},{\"@type\":\"BreadcrumbList\",\"@id\":\"https:\\\/\\\/www.findesiglo.com.uy\\\/tienda\\\/libro\\\/son-cosas-del-futbol\\\/#breadcrumb\",\"itemListElement\":[{\"@type\":\"ListItem\",\"position\":1,\"name\":\"Portada\",\"item\":\"https:\\\/\\\/www.findesiglo.com.uy\\\/tienda\\\/\"},{\"@type\":\"ListItem\",\"position\":2,\"name\":\"Librer\u00eda Online Fin de Siglo\",\"item\":\"https:\\\/\\\/www.findesiglo.com.uy\\\/tienda\\\/libreria-online-fin-de-siglo\\\/\"},{\"@type\":\"ListItem\",\"position\":3,\"name\":\"Son cosas del f\u00fatbol\"}]},{\"@type\":\"WebSite\",\"@id\":\"https:\\\/\\\/www.findesiglo.com.uy\\\/tienda\\\/#website\",\"url\":\"https:\\\/\\\/www.findesiglo.com.uy\\\/tienda\\\/\",\"name\":\"Editorial Fin de Siglo - Librer\u00eda Online\",\"description\":\"Librer\u00eda Online de Editorial Fin de Siglo\",\"publisher\":{\"@id\":\"https:\\\/\\\/www.findesiglo.com.uy\\\/tienda\\\/#organization\"},\"potentialAction\":[{\"@type\":\"SearchAction\",\"target\":{\"@type\":\"EntryPoint\",\"urlTemplate\":\"https:\\\/\\\/www.findesiglo.com.uy\\\/tienda\\\/?s={search_term_string}\"},\"query-input\":{\"@type\":\"PropertyValueSpecification\",\"valueRequired\":true,\"valueName\":\"search_term_string\"}}],\"inLanguage\":\"es\"},{\"@type\":\"Organization\",\"@id\":\"https:\\\/\\\/www.findesiglo.com.uy\\\/tienda\\\/#organization\",\"name\":\"Editorial Fin de Siglo\",\"url\":\"https:\\\/\\\/www.findesiglo.com.uy\\\/tienda\\\/\",\"logo\":{\"@type\":\"ImageObject\",\"inLanguage\":\"es\",\"@id\":\"https:\\\/\\\/www.findesiglo.com.uy\\\/tienda\\\/#\\\/schema\\\/logo\\\/image\\\/\",\"url\":\"https:\\\/\\\/www.findesiglo.com.uy\\\/tienda\\\/wp-content\\\/uploads\\\/2020\\\/05\\\/logo_editorial_fin_de_siglo_03.png\",\"contentUrl\":\"https:\\\/\\\/www.findesiglo.com.uy\\\/tienda\\\/wp-content\\\/uploads\\\/2020\\\/05\\\/logo_editorial_fin_de_siglo_03.png\",\"width\":260,\"height\":99,\"caption\":\"Editorial Fin de Siglo\"},\"image\":{\"@id\":\"https:\\\/\\\/www.findesiglo.com.uy\\\/tienda\\\/#\\\/schema\\\/logo\\\/image\\\/\"},\"sameAs\":[\"https:\\\/\\\/www.facebook.com\\\/findesiglo\\\/\",\"https:\\\/\\\/x.com\\\/findesiglo1\",\"https:\\\/\\\/www.instagram.com\\\/findesiglo.uy\"]}]}<\/script>\n<!-- \/ Yoast SEO Premium plugin. -->","yoast_head_json":{"title":"Son cosas del f\u00fatbol - Editorial Fin de Siglo - Librer\u00eda Online","description":"El uruguayo que jugaba partidos en el fondo de la lujosa mansi\u00f3n del hijo de Gadafi donde los ba\u00f1os ten\u00edan canillas de oro; el golero que firm\u00f3 contrato y","robots":{"index":"index","follow":"follow","max-snippet":"max-snippet:-1","max-image-preview":"max-image-preview:large","max-video-preview":"max-video-preview:-1"},"canonical":"https:\/\/www.findesiglo.com.uy\/tienda\/libro\/son-cosas-del-futbol\/","og_locale":"es_ES","og_type":"article","og_title":"Son cosas del f\u00fatbol","og_description":"El uruguayo que jugaba partidos en el fondo de la lujosa mansi\u00f3n del hijo de Gadafi donde los ba\u00f1os ten\u00edan canillas de oro; el golero que firm\u00f3 contrato y","og_url":"https:\/\/www.findesiglo.com.uy\/tienda\/libro\/son-cosas-del-futbol\/","og_site_name":"Editorial Fin de Siglo - Librer\u00eda Online","article_publisher":"https:\/\/www.facebook.com\/findesiglo\/","article_modified_time":"2025-11-21T22:21:06+00:00","og_image":[{"width":1000,"height":1400,"url":"https:\/\/www.findesiglo.com.uy\/tienda\/wp-content\/uploads\/2020\/06\/son-cosas-del-futbol-libro.jpg","type":"image\/jpeg"}],"twitter_card":"summary_large_image","twitter_site":"@findesiglo1","twitter_misc":{"Tiempo de lectura":"2 minutos"},"schema":{"@context":"https:\/\/schema.org","@graph":[{"@type":"WebPage","@id":"https:\/\/www.findesiglo.com.uy\/tienda\/libro\/son-cosas-del-futbol\/","url":"https:\/\/www.findesiglo.com.uy\/tienda\/libro\/son-cosas-del-futbol\/","name":"Son cosas del f\u00fatbol - Editorial Fin de Siglo - Librer\u00eda Online","isPartOf":{"@id":"https:\/\/www.findesiglo.com.uy\/tienda\/#website"},"primaryImageOfPage":{"@id":"https:\/\/www.findesiglo.com.uy\/tienda\/libro\/son-cosas-del-futbol\/#primaryimage"},"image":{"@id":"https:\/\/www.findesiglo.com.uy\/tienda\/libro\/son-cosas-del-futbol\/#primaryimage"},"thumbnailUrl":"https:\/\/www.findesiglo.com.uy\/tienda\/wp-content\/uploads\/2020\/06\/son-cosas-del-futbol-libro.jpg","datePublished":"2020-05-21T13:58:15+00:00","dateModified":"2025-11-21T22:21:06+00:00","description":"El uruguayo que jugaba partidos en el fondo de la lujosa mansi\u00f3n del hijo de Gadafi donde los ba\u00f1os ten\u00edan canillas de oro; el golero que firm\u00f3 contrato y","breadcrumb":{"@id":"https:\/\/www.findesiglo.com.uy\/tienda\/libro\/son-cosas-del-futbol\/#breadcrumb"},"inLanguage":"es","potentialAction":[{"@type":"ReadAction","target":["https:\/\/www.findesiglo.com.uy\/tienda\/libro\/son-cosas-del-futbol\/"]}]},{"@type":"ImageObject","inLanguage":"es","@id":"https:\/\/www.findesiglo.com.uy\/tienda\/libro\/son-cosas-del-futbol\/#primaryimage","url":"https:\/\/www.findesiglo.com.uy\/tienda\/wp-content\/uploads\/2020\/06\/son-cosas-del-futbol-libro.jpg","contentUrl":"https:\/\/www.findesiglo.com.uy\/tienda\/wp-content\/uploads\/2020\/06\/son-cosas-del-futbol-libro.jpg","width":1000,"height":1400,"caption":"SON COSAS DEL F\u00daTBOL"},{"@type":"BreadcrumbList","@id":"https:\/\/www.findesiglo.com.uy\/tienda\/libro\/son-cosas-del-futbol\/#breadcrumb","itemListElement":[{"@type":"ListItem","position":1,"name":"Portada","item":"https:\/\/www.findesiglo.com.uy\/tienda\/"},{"@type":"ListItem","position":2,"name":"Librer\u00eda Online Fin de Siglo","item":"https:\/\/www.findesiglo.com.uy\/tienda\/libreria-online-fin-de-siglo\/"},{"@type":"ListItem","position":3,"name":"Son cosas del f\u00fatbol"}]},{"@type":"WebSite","@id":"https:\/\/www.findesiglo.com.uy\/tienda\/#website","url":"https:\/\/www.findesiglo.com.uy\/tienda\/","name":"Editorial Fin de Siglo - Librer\u00eda Online","description":"Librer\u00eda Online de Editorial Fin de Siglo","publisher":{"@id":"https:\/\/www.findesiglo.com.uy\/tienda\/#organization"},"potentialAction":[{"@type":"SearchAction","target":{"@type":"EntryPoint","urlTemplate":"https:\/\/www.findesiglo.com.uy\/tienda\/?s={search_term_string}"},"query-input":{"@type":"PropertyValueSpecification","valueRequired":true,"valueName":"search_term_string"}}],"inLanguage":"es"},{"@type":"Organization","@id":"https:\/\/www.findesiglo.com.uy\/tienda\/#organization","name":"Editorial Fin de Siglo","url":"https:\/\/www.findesiglo.com.uy\/tienda\/","logo":{"@type":"ImageObject","inLanguage":"es","@id":"https:\/\/www.findesiglo.com.uy\/tienda\/#\/schema\/logo\/image\/","url":"https:\/\/www.findesiglo.com.uy\/tienda\/wp-content\/uploads\/2020\/05\/logo_editorial_fin_de_siglo_03.png","contentUrl":"https:\/\/www.findesiglo.com.uy\/tienda\/wp-content\/uploads\/2020\/05\/logo_editorial_fin_de_siglo_03.png","width":260,"height":99,"caption":"Editorial Fin de Siglo"},"image":{"@id":"https:\/\/www.findesiglo.com.uy\/tienda\/#\/schema\/logo\/image\/"},"sameAs":["https:\/\/www.facebook.com\/findesiglo\/","https:\/\/x.com\/findesiglo1","https:\/\/www.instagram.com\/findesiglo.uy"]}]}},"_links":{"self":[{"href":"https:\/\/www.findesiglo.com.uy\/tienda\/wp-json\/wp\/v2\/product\/1552","targetHints":{"allow":["GET"]}}],"collection":[{"href":"https:\/\/www.findesiglo.com.uy\/tienda\/wp-json\/wp\/v2\/product"}],"about":[{"href":"https:\/\/www.findesiglo.com.uy\/tienda\/wp-json\/wp\/v2\/types\/product"}],"replies":[{"embeddable":true,"href":"https:\/\/www.findesiglo.com.uy\/tienda\/wp-json\/wp\/v2\/comments?post=1552"}],"wp:featuredmedia":[{"embeddable":true,"href":"https:\/\/www.findesiglo.com.uy\/tienda\/wp-json\/wp\/v2\/media\/2536"}],"wp:attachment":[{"href":"https:\/\/www.findesiglo.com.uy\/tienda\/wp-json\/wp\/v2\/media?parent=1552"}],"wp:term":[{"taxonomy":"product_brand","embeddable":true,"href":"https:\/\/www.findesiglo.com.uy\/tienda\/wp-json\/wp\/v2\/product_brand?post=1552"},{"taxonomy":"product_cat","embeddable":true,"href":"https:\/\/www.findesiglo.com.uy\/tienda\/wp-json\/wp\/v2\/product_cat?post=1552"},{"taxonomy":"product_tag","embeddable":true,"href":"https:\/\/www.findesiglo.com.uy\/tienda\/wp-json\/wp\/v2\/product_tag?post=1552"}],"curies":[{"name":"wp","href":"https:\/\/api.w.org\/{rel}","templated":true}]}}