{"id":3213,"date":"2020-08-13T11:01:58","date_gmt":"2020-08-13T14:01:58","guid":{"rendered":"https:\/\/www.findesiglo.com.uy\/tienda\/?post_type=product&#038;p=3213"},"modified":"2025-09-11T12:45:59","modified_gmt":"2025-09-11T15:45:59","slug":"la-cara-oculta-del-baby-futbol","status":"publish","type":"product","link":"https:\/\/www.findesiglo.com.uy\/tienda\/libro\/la-cara-oculta-del-baby-futbol\/","title":{"rendered":"La cara oculta del Baby F\u00fatbol"},"content":{"rendered":"<p>\u00abL\u00f3gico que un ni\u00f1o se deslumbra. Hasta uno se puede deslumbrar con todo lo que le ofrecen y prometen, pero hay que poner los pies en la tierra. No es \u201cpongo plata y me lo llevo\u201d. El dinero no es todo en la vida, es la persona, los valores, porque con el dinero te pod\u00e9s llegar a torcer y sal\u00eds para cualquier lado\u00bb, admite el pap\u00e1 de Enzo.<\/p>\n<p>Al padre de Enzo Scorza le ofrecieron una valija minada de d\u00f3lares a cambio de su hijo. US$ 200.000 d\u00f3lares.<\/p>\n<p>La cara oculta del baby f\u00fatbol es una investigaci\u00f3n period\u00edstica que va al hueso de la situaci\u00f3n de los ni\u00f1os que juegan en cuadros de f\u00fatbol infantil, sin dejar de mostrar todas las perspectivas. Recorre las organizaciones del interior y la capital \u2014el esfuerzo de muchos, la obra social y los conflictos\u2014, el campo de la captaci\u00f3n \u2014los samaritanos que sacan a chicos de la calle, los que se profesionalizan y los avivados que negocian esperanza\u2014 y el lado empresarial \u2014que, seg\u00fan qui\u00e9n hable, es un proyecto deportivo, un negocio o una mafia\u2014. Esto est\u00e1 complementado con la perspectiva de referentes como \u00d3scar Tab\u00e1rez, Diego Forl\u00e1n, o los psic\u00f3logos de la selecci\u00f3n nacional.<\/p>\n<p>Jorge Se\u00f1orans explora las historias de los j\u00f3venes valores que surgieron de las canteras orientales y hoy cosechan triunfos \u2014algunos en Europa\u2014, y rescata las menos conocidas, las de \u00ablos cracks que no llegaron\u00bb, dando cuenta del precio de apostar todo a una esperanza casi ilusoria \u2014menos del 0,2 % de los chicos llegan a jugar profesionalmente luego del f\u00fatbol infantil.<\/p>\n<p>Tambi\u00e9n nos presenta las historias de las familias, c\u00f3mo estas fueron enfrentadas a las diversas ofertas y c\u00f3mo decidieron el futuro de sus hijos, a veces cargando el destino familiar en los hombros de un ni\u00f1o, a veces apoy\u00e1ndolos en su disfrute del juego m\u00e1s lindo del mundo.<\/p>\n<p>Las historias est\u00e1n sobre la mesa, ahora se puede ver la cara oculta del baby f\u00fatbol.<\/p>\n<p><strong>Jorge Alejandro Se\u00f1orans San Mart\u00edn<\/strong><\/p>\n<p>Montevideo, 1969. Ejerce el periodismo desde 1987, ha trabajado en la emisora Ciudad de Montevideo, radio Imparcial, radio Sport, Carve, Del Plata FM, en medios escritos comenz\u00f3 en El Diario y desde 1993 trabaja en el diario El Observador.<\/p>\n<p>Ha sido coautor de varios libros: Damiani, el Contador, una biograf\u00eda de Jos\u00e9 Pedro Damiani; Un tipo aut\u00e9ntico, una biograf\u00eda de Juan Ram\u00f3n Carrasco; Un siglo de pasi\u00f3n, sobre el centenario de Central Espa\u00f1ol; Danubio marca registrada; En oro y blanco, sobre la historia de Bella Vista; H\u00e9roes del silencio, sobre la historia de la Federaci\u00f3n Uruguaya de Nataci\u00f3n.<\/p>\n<p>En 2014 public\u00f3 Son cosas del f\u00fatbol, donde, acompa\u00f1ado por las fotograf\u00edas de Mart\u00edn Cerchiari, logra que el lector sienta, viva y conozca historias de f\u00fatbol, historias de hombres que por primera vez salen a la luz.<\/p>\n","protected":false},"excerpt":{"rendered":"<p>\u00abL\u00f3gico que un ni\u00f1o se deslumbra. Hasta uno se puede deslumbrar con todo lo que le ofrecen y prometen, pero [&#8230;]\n","protected":false},"featured_media":3214,"comment_status":"open","ping_status":"closed","template":"","meta":[],"product_brand":[],"product_cat":[82,165],"product_tag":[],"class_list":{"0":"post-3213","1":"product","2":"type-product","3":"status-publish","4":"has-post-thumbnail","6":"product_cat-deporte","7":"product_cat-periodistico","8":"pa_autor-jorge-senorans","10":"first","11":"outofstock","12":"shipping-taxable","13":"purchasable","14":"product-type-simple"},"yoast_head":"<!-- This site is optimized with the Yoast SEO Premium plugin v19.3 (Yoast SEO v27.6) - https:\/\/yoast.com\/product\/yoast-seo-premium-wordpress\/ -->\n<title>La cara oculta del Baby F\u00fatbol - Editorial Fin de Siglo - Librer\u00eda Online<\/title>\n<meta name=\"description\" content=\"\u00abL\u00f3gico que un ni\u00f1o se deslumbra. Hasta uno se puede deslumbrar con todo lo que le ofrecen y prometen, pero hay que poner los pies en la tierra. No es\" \/>\n<meta name=\"robots\" content=\"index, follow, max-snippet:-1, max-image-preview:large, max-video-preview:-1\" \/>\n<link rel=\"canonical\" href=\"https:\/\/www.findesiglo.com.uy\/tienda\/libro\/la-cara-oculta-del-baby-futbol\/\" \/>\n<meta property=\"og:locale\" content=\"es_ES\" \/>\n<meta property=\"og:type\" content=\"article\" \/>\n<meta property=\"og:title\" content=\"La cara oculta del Baby F\u00fatbol\" \/>\n<meta property=\"og:description\" content=\"\u00abL\u00f3gico que un ni\u00f1o se deslumbra. Hasta uno se puede deslumbrar con todo lo que le ofrecen y prometen, pero hay que poner los pies en la tierra. No es \u201cpongo plata y me lo llevo\u201d. El dinero no es todo en la vida, es la persona, los valores, porque con el dinero te pod\u00e9s llegar a torcer y sal\u00eds para cualquier lado\u00bb, admite el pap\u00e1 de Enzo. Al padre de Enzo Scorza le ofrecieron una valija minada de d\u00f3lares a cambio de su hijo. US$ 200.000 d\u00f3lares. La cara oculta del baby f\u00fatbol es una investigaci\u00f3n period\u00edstica que va al hueso de la situaci\u00f3n de los ni\u00f1os que juegan en cuadros de f\u00fatbol infantil, sin dejar de mostrar todas las perspectivas. Recorre las organizaciones del interior y la capital \u2014el esfuerzo de muchos, la obra social y los conflictos\u2014, el campo de la captaci\u00f3n \u2014los samaritanos que sacan a chicos de la calle, los que se profesionalizan y los avivados que negocian esperanza\u2014 y el lado empresarial \u2014que, seg\u00fan qui\u00e9n hable, es un proyecto deportivo, un negocio o una mafia\u2014. Esto est\u00e1 complementado con la perspectiva de referentes como \u00d3scar Tab\u00e1rez, Diego Forl\u00e1n, o los psic\u00f3logos de la selecci\u00f3n nacional. Jorge Se\u00f1orans explora las historias de los j\u00f3venes valores que surgieron de las canteras orientales y hoy cosechan triunfos \u2014algunos en Europa\u2014, y rescata las menos conocidas, las de \u00ablos cracks que no llegaron\u00bb, dando cuenta del precio de apostar todo a una esperanza casi ilusoria \u2014menos del 0,2 % de los chicos llegan a jugar profesionalmente luego del f\u00fatbol infantil. Tambi\u00e9n nos presenta las historias de las familias, c\u00f3mo estas fueron enfrentadas a las diversas ofertas y c\u00f3mo decidieron el futuro de sus hijos, a veces cargando el destino familiar en los hombros de un ni\u00f1o, a veces apoy\u00e1ndolos en su disfrute del juego m\u00e1s lindo del mundo. Las historias est\u00e1n sobre la mesa, ahora se puede ver la cara oculta del baby f\u00fatbol. Jorge Alejandro Se\u00f1orans San Mart\u00edn Montevideo, 1969. Ejerce el periodismo desde 1987, ha trabajado en la emisora Ciudad de Montevideo, radio Imparcial, radio Sport, Carve, Del Plata FM, en medios escritos comenz\u00f3 en El Diario y desde 1993 trabaja en el diario El Observador. Ha sido coautor de varios libros: Damiani, el Contador, una biograf\u00eda de Jos\u00e9 Pedro Damiani; Un tipo aut\u00e9ntico, una biograf\u00eda de Juan Ram\u00f3n Carrasco; Un siglo de pasi\u00f3n, sobre el centenario de Central Espa\u00f1ol; Danubio marca registrada; En oro y blanco, sobre la historia de Bella Vista; H\u00e9roes del silencio, sobre la historia de la Federaci\u00f3n Uruguaya de Nataci\u00f3n. En 2014 public\u00f3 Son cosas del f\u00fatbol, donde, acompa\u00f1ado por las fotograf\u00edas de Mart\u00edn Cerchiari, logra que el lector sienta, viva y conozca historias de f\u00fatbol, historias de hombres que por primera vez salen a la luz.\" \/>\n<meta property=\"og:url\" content=\"https:\/\/www.findesiglo.com.uy\/tienda\/libro\/la-cara-oculta-del-baby-futbol\/\" \/>\n<meta property=\"og:site_name\" content=\"Editorial Fin de Siglo - Librer\u00eda Online\" \/>\n<meta property=\"article:publisher\" content=\"https:\/\/www.facebook.com\/findesiglo\/\" \/>\n<meta property=\"article:modified_time\" content=\"2025-09-11T15:45:59+00:00\" \/>\n<meta property=\"og:image\" content=\"https:\/\/www.findesiglo.com.uy\/tienda\/wp-content\/uploads\/2020\/08\/la-cara-oculta-del-baby-futbol.jpg\" \/>\n\t<meta property=\"og:image:width\" content=\"1000\" \/>\n\t<meta property=\"og:image:height\" content=\"1400\" \/>\n\t<meta property=\"og:image:type\" content=\"image\/jpeg\" \/>\n<meta name=\"twitter:card\" content=\"summary_large_image\" \/>\n<meta name=\"twitter:title\" content=\"La cara oculta del Baby F\u00fatbol\" \/>\n<meta name=\"twitter:site\" content=\"@findesiglo1\" \/>\n<meta name=\"twitter:label1\" content=\"Tiempo de lectura\" \/>\n\t<meta name=\"twitter:data1\" content=\"3 minutos\" \/>\n<script type=\"application\/ld+json\" class=\"yoast-schema-graph\">{\"@context\":\"https:\\\/\\\/schema.org\",\"@graph\":[{\"@type\":\"WebPage\",\"@id\":\"https:\\\/\\\/www.findesiglo.com.uy\\\/tienda\\\/libro\\\/la-cara-oculta-del-baby-futbol\\\/\",\"url\":\"https:\\\/\\\/www.findesiglo.com.uy\\\/tienda\\\/libro\\\/la-cara-oculta-del-baby-futbol\\\/\",\"name\":\"La cara oculta del Baby F\u00fatbol - Editorial Fin de Siglo - Librer\u00eda Online\",\"isPartOf\":{\"@id\":\"https:\\\/\\\/www.findesiglo.com.uy\\\/tienda\\\/#website\"},\"primaryImageOfPage\":{\"@id\":\"https:\\\/\\\/www.findesiglo.com.uy\\\/tienda\\\/libro\\\/la-cara-oculta-del-baby-futbol\\\/#primaryimage\"},\"image\":{\"@id\":\"https:\\\/\\\/www.findesiglo.com.uy\\\/tienda\\\/libro\\\/la-cara-oculta-del-baby-futbol\\\/#primaryimage\"},\"thumbnailUrl\":\"https:\\\/\\\/www.findesiglo.com.uy\\\/tienda\\\/wp-content\\\/uploads\\\/2020\\\/08\\\/la-cara-oculta-del-baby-futbol.jpg\",\"datePublished\":\"2020-08-13T14:01:58+00:00\",\"dateModified\":\"2025-09-11T15:45:59+00:00\",\"description\":\"\u00abL\u00f3gico que un ni\u00f1o se deslumbra. Hasta uno se puede deslumbrar con todo lo que le ofrecen y prometen, pero hay que poner los pies en la tierra. No es\",\"breadcrumb\":{\"@id\":\"https:\\\/\\\/www.findesiglo.com.uy\\\/tienda\\\/libro\\\/la-cara-oculta-del-baby-futbol\\\/#breadcrumb\"},\"inLanguage\":\"es\",\"potentialAction\":[{\"@type\":\"ReadAction\",\"target\":[\"https:\\\/\\\/www.findesiglo.com.uy\\\/tienda\\\/libro\\\/la-cara-oculta-del-baby-futbol\\\/\"]}]},{\"@type\":\"ImageObject\",\"inLanguage\":\"es\",\"@id\":\"https:\\\/\\\/www.findesiglo.com.uy\\\/tienda\\\/libro\\\/la-cara-oculta-del-baby-futbol\\\/#primaryimage\",\"url\":\"https:\\\/\\\/www.findesiglo.com.uy\\\/tienda\\\/wp-content\\\/uploads\\\/2020\\\/08\\\/la-cara-oculta-del-baby-futbol.jpg\",\"contentUrl\":\"https:\\\/\\\/www.findesiglo.com.uy\\\/tienda\\\/wp-content\\\/uploads\\\/2020\\\/08\\\/la-cara-oculta-del-baby-futbol.jpg\",\"width\":1000,\"height\":1400},{\"@type\":\"BreadcrumbList\",\"@id\":\"https:\\\/\\\/www.findesiglo.com.uy\\\/tienda\\\/libro\\\/la-cara-oculta-del-baby-futbol\\\/#breadcrumb\",\"itemListElement\":[{\"@type\":\"ListItem\",\"position\":1,\"name\":\"Portada\",\"item\":\"https:\\\/\\\/www.findesiglo.com.uy\\\/tienda\\\/\"},{\"@type\":\"ListItem\",\"position\":2,\"name\":\"Librer\u00eda Online Fin de Siglo\",\"item\":\"https:\\\/\\\/www.findesiglo.com.uy\\\/tienda\\\/libreria-online-fin-de-siglo\\\/\"},{\"@type\":\"ListItem\",\"position\":3,\"name\":\"La cara oculta del Baby F\u00fatbol\"}]},{\"@type\":\"WebSite\",\"@id\":\"https:\\\/\\\/www.findesiglo.com.uy\\\/tienda\\\/#website\",\"url\":\"https:\\\/\\\/www.findesiglo.com.uy\\\/tienda\\\/\",\"name\":\"Editorial Fin de Siglo - Librer\u00eda Online\",\"description\":\"Librer\u00eda Online de Editorial Fin de Siglo\",\"publisher\":{\"@id\":\"https:\\\/\\\/www.findesiglo.com.uy\\\/tienda\\\/#organization\"},\"potentialAction\":[{\"@type\":\"SearchAction\",\"target\":{\"@type\":\"EntryPoint\",\"urlTemplate\":\"https:\\\/\\\/www.findesiglo.com.uy\\\/tienda\\\/?s={search_term_string}\"},\"query-input\":{\"@type\":\"PropertyValueSpecification\",\"valueRequired\":true,\"valueName\":\"search_term_string\"}}],\"inLanguage\":\"es\"},{\"@type\":\"Organization\",\"@id\":\"https:\\\/\\\/www.findesiglo.com.uy\\\/tienda\\\/#organization\",\"name\":\"Editorial Fin de Siglo\",\"url\":\"https:\\\/\\\/www.findesiglo.com.uy\\\/tienda\\\/\",\"logo\":{\"@type\":\"ImageObject\",\"inLanguage\":\"es\",\"@id\":\"https:\\\/\\\/www.findesiglo.com.uy\\\/tienda\\\/#\\\/schema\\\/logo\\\/image\\\/\",\"url\":\"https:\\\/\\\/www.findesiglo.com.uy\\\/tienda\\\/wp-content\\\/uploads\\\/2020\\\/05\\\/logo_editorial_fin_de_siglo_03.png\",\"contentUrl\":\"https:\\\/\\\/www.findesiglo.com.uy\\\/tienda\\\/wp-content\\\/uploads\\\/2020\\\/05\\\/logo_editorial_fin_de_siglo_03.png\",\"width\":260,\"height\":99,\"caption\":\"Editorial Fin de Siglo\"},\"image\":{\"@id\":\"https:\\\/\\\/www.findesiglo.com.uy\\\/tienda\\\/#\\\/schema\\\/logo\\\/image\\\/\"},\"sameAs\":[\"https:\\\/\\\/www.facebook.com\\\/findesiglo\\\/\",\"https:\\\/\\\/x.com\\\/findesiglo1\",\"https:\\\/\\\/www.instagram.com\\\/findesiglo.uy\"]}]}<\/script>\n<!-- \/ Yoast SEO Premium plugin. -->","yoast_head_json":{"title":"La cara oculta del Baby F\u00fatbol - Editorial Fin de Siglo - Librer\u00eda Online","description":"\u00abL\u00f3gico que un ni\u00f1o se deslumbra. Hasta uno se puede deslumbrar con todo lo que le ofrecen y prometen, pero hay que poner los pies en la tierra. No es","robots":{"index":"index","follow":"follow","max-snippet":"max-snippet:-1","max-image-preview":"max-image-preview:large","max-video-preview":"max-video-preview:-1"},"canonical":"https:\/\/www.findesiglo.com.uy\/tienda\/libro\/la-cara-oculta-del-baby-futbol\/","og_locale":"es_ES","og_type":"article","og_title":"La cara oculta del Baby F\u00fatbol","og_description":"\u00abL\u00f3gico que un ni\u00f1o se deslumbra. Hasta uno se puede deslumbrar con todo lo que le ofrecen y prometen, pero hay que poner los pies en la tierra. No es \u201cpongo plata y me lo llevo\u201d. El dinero no es todo en la vida, es la persona, los valores, porque con el dinero te pod\u00e9s llegar a torcer y sal\u00eds para cualquier lado\u00bb, admite el pap\u00e1 de Enzo. Al padre de Enzo Scorza le ofrecieron una valija minada de d\u00f3lares a cambio de su hijo. US$ 200.000 d\u00f3lares. La cara oculta del baby f\u00fatbol es una investigaci\u00f3n period\u00edstica que va al hueso de la situaci\u00f3n de los ni\u00f1os que juegan en cuadros de f\u00fatbol infantil, sin dejar de mostrar todas las perspectivas. Recorre las organizaciones del interior y la capital \u2014el esfuerzo de muchos, la obra social y los conflictos\u2014, el campo de la captaci\u00f3n \u2014los samaritanos que sacan a chicos de la calle, los que se profesionalizan y los avivados que negocian esperanza\u2014 y el lado empresarial \u2014que, seg\u00fan qui\u00e9n hable, es un proyecto deportivo, un negocio o una mafia\u2014. Esto est\u00e1 complementado con la perspectiva de referentes como \u00d3scar Tab\u00e1rez, Diego Forl\u00e1n, o los psic\u00f3logos de la selecci\u00f3n nacional. Jorge Se\u00f1orans explora las historias de los j\u00f3venes valores que surgieron de las canteras orientales y hoy cosechan triunfos \u2014algunos en Europa\u2014, y rescata las menos conocidas, las de \u00ablos cracks que no llegaron\u00bb, dando cuenta del precio de apostar todo a una esperanza casi ilusoria \u2014menos del 0,2 % de los chicos llegan a jugar profesionalmente luego del f\u00fatbol infantil. Tambi\u00e9n nos presenta las historias de las familias, c\u00f3mo estas fueron enfrentadas a las diversas ofertas y c\u00f3mo decidieron el futuro de sus hijos, a veces cargando el destino familiar en los hombros de un ni\u00f1o, a veces apoy\u00e1ndolos en su disfrute del juego m\u00e1s lindo del mundo. Las historias est\u00e1n sobre la mesa, ahora se puede ver la cara oculta del baby f\u00fatbol. Jorge Alejandro Se\u00f1orans San Mart\u00edn Montevideo, 1969. Ejerce el periodismo desde 1987, ha trabajado en la emisora Ciudad de Montevideo, radio Imparcial, radio Sport, Carve, Del Plata FM, en medios escritos comenz\u00f3 en El Diario y desde 1993 trabaja en el diario El Observador. Ha sido coautor de varios libros: Damiani, el Contador, una biograf\u00eda de Jos\u00e9 Pedro Damiani; Un tipo aut\u00e9ntico, una biograf\u00eda de Juan Ram\u00f3n Carrasco; Un siglo de pasi\u00f3n, sobre el centenario de Central Espa\u00f1ol; Danubio marca registrada; En oro y blanco, sobre la historia de Bella Vista; H\u00e9roes del silencio, sobre la historia de la Federaci\u00f3n Uruguaya de Nataci\u00f3n. En 2014 public\u00f3 Son cosas del f\u00fatbol, donde, acompa\u00f1ado por las fotograf\u00edas de Mart\u00edn Cerchiari, logra que el lector sienta, viva y conozca historias de f\u00fatbol, historias de hombres que por primera vez salen a la luz.","og_url":"https:\/\/www.findesiglo.com.uy\/tienda\/libro\/la-cara-oculta-del-baby-futbol\/","og_site_name":"Editorial Fin de Siglo - Librer\u00eda Online","article_publisher":"https:\/\/www.facebook.com\/findesiglo\/","article_modified_time":"2025-09-11T15:45:59+00:00","og_image":[{"width":1000,"height":1400,"url":"https:\/\/www.findesiglo.com.uy\/tienda\/wp-content\/uploads\/2020\/08\/la-cara-oculta-del-baby-futbol.jpg","type":"image\/jpeg"}],"twitter_card":"summary_large_image","twitter_title":"La cara oculta del Baby F\u00fatbol","twitter_site":"@findesiglo1","twitter_misc":{"Tiempo de lectura":"3 minutos"},"schema":{"@context":"https:\/\/schema.org","@graph":[{"@type":"WebPage","@id":"https:\/\/www.findesiglo.com.uy\/tienda\/libro\/la-cara-oculta-del-baby-futbol\/","url":"https:\/\/www.findesiglo.com.uy\/tienda\/libro\/la-cara-oculta-del-baby-futbol\/","name":"La cara oculta del Baby F\u00fatbol - Editorial Fin de Siglo - Librer\u00eda Online","isPartOf":{"@id":"https:\/\/www.findesiglo.com.uy\/tienda\/#website"},"primaryImageOfPage":{"@id":"https:\/\/www.findesiglo.com.uy\/tienda\/libro\/la-cara-oculta-del-baby-futbol\/#primaryimage"},"image":{"@id":"https:\/\/www.findesiglo.com.uy\/tienda\/libro\/la-cara-oculta-del-baby-futbol\/#primaryimage"},"thumbnailUrl":"https:\/\/www.findesiglo.com.uy\/tienda\/wp-content\/uploads\/2020\/08\/la-cara-oculta-del-baby-futbol.jpg","datePublished":"2020-08-13T14:01:58+00:00","dateModified":"2025-09-11T15:45:59+00:00","description":"\u00abL\u00f3gico que un ni\u00f1o se deslumbra. Hasta uno se puede deslumbrar con todo lo que le ofrecen y prometen, pero hay que poner los pies en la tierra. No es","breadcrumb":{"@id":"https:\/\/www.findesiglo.com.uy\/tienda\/libro\/la-cara-oculta-del-baby-futbol\/#breadcrumb"},"inLanguage":"es","potentialAction":[{"@type":"ReadAction","target":["https:\/\/www.findesiglo.com.uy\/tienda\/libro\/la-cara-oculta-del-baby-futbol\/"]}]},{"@type":"ImageObject","inLanguage":"es","@id":"https:\/\/www.findesiglo.com.uy\/tienda\/libro\/la-cara-oculta-del-baby-futbol\/#primaryimage","url":"https:\/\/www.findesiglo.com.uy\/tienda\/wp-content\/uploads\/2020\/08\/la-cara-oculta-del-baby-futbol.jpg","contentUrl":"https:\/\/www.findesiglo.com.uy\/tienda\/wp-content\/uploads\/2020\/08\/la-cara-oculta-del-baby-futbol.jpg","width":1000,"height":1400},{"@type":"BreadcrumbList","@id":"https:\/\/www.findesiglo.com.uy\/tienda\/libro\/la-cara-oculta-del-baby-futbol\/#breadcrumb","itemListElement":[{"@type":"ListItem","position":1,"name":"Portada","item":"https:\/\/www.findesiglo.com.uy\/tienda\/"},{"@type":"ListItem","position":2,"name":"Librer\u00eda Online Fin de Siglo","item":"https:\/\/www.findesiglo.com.uy\/tienda\/libreria-online-fin-de-siglo\/"},{"@type":"ListItem","position":3,"name":"La cara oculta del Baby F\u00fatbol"}]},{"@type":"WebSite","@id":"https:\/\/www.findesiglo.com.uy\/tienda\/#website","url":"https:\/\/www.findesiglo.com.uy\/tienda\/","name":"Editorial Fin de Siglo - Librer\u00eda Online","description":"Librer\u00eda Online de Editorial Fin de Siglo","publisher":{"@id":"https:\/\/www.findesiglo.com.uy\/tienda\/#organization"},"potentialAction":[{"@type":"SearchAction","target":{"@type":"EntryPoint","urlTemplate":"https:\/\/www.findesiglo.com.uy\/tienda\/?s={search_term_string}"},"query-input":{"@type":"PropertyValueSpecification","valueRequired":true,"valueName":"search_term_string"}}],"inLanguage":"es"},{"@type":"Organization","@id":"https:\/\/www.findesiglo.com.uy\/tienda\/#organization","name":"Editorial Fin de Siglo","url":"https:\/\/www.findesiglo.com.uy\/tienda\/","logo":{"@type":"ImageObject","inLanguage":"es","@id":"https:\/\/www.findesiglo.com.uy\/tienda\/#\/schema\/logo\/image\/","url":"https:\/\/www.findesiglo.com.uy\/tienda\/wp-content\/uploads\/2020\/05\/logo_editorial_fin_de_siglo_03.png","contentUrl":"https:\/\/www.findesiglo.com.uy\/tienda\/wp-content\/uploads\/2020\/05\/logo_editorial_fin_de_siglo_03.png","width":260,"height":99,"caption":"Editorial Fin de Siglo"},"image":{"@id":"https:\/\/www.findesiglo.com.uy\/tienda\/#\/schema\/logo\/image\/"},"sameAs":["https:\/\/www.facebook.com\/findesiglo\/","https:\/\/x.com\/findesiglo1","https:\/\/www.instagram.com\/findesiglo.uy"]}]}},"_links":{"self":[{"href":"https:\/\/www.findesiglo.com.uy\/tienda\/wp-json\/wp\/v2\/product\/3213","targetHints":{"allow":["GET"]}}],"collection":[{"href":"https:\/\/www.findesiglo.com.uy\/tienda\/wp-json\/wp\/v2\/product"}],"about":[{"href":"https:\/\/www.findesiglo.com.uy\/tienda\/wp-json\/wp\/v2\/types\/product"}],"replies":[{"embeddable":true,"href":"https:\/\/www.findesiglo.com.uy\/tienda\/wp-json\/wp\/v2\/comments?post=3213"}],"wp:featuredmedia":[{"embeddable":true,"href":"https:\/\/www.findesiglo.com.uy\/tienda\/wp-json\/wp\/v2\/media\/3214"}],"wp:attachment":[{"href":"https:\/\/www.findesiglo.com.uy\/tienda\/wp-json\/wp\/v2\/media?parent=3213"}],"wp:term":[{"taxonomy":"product_brand","embeddable":true,"href":"https:\/\/www.findesiglo.com.uy\/tienda\/wp-json\/wp\/v2\/product_brand?post=3213"},{"taxonomy":"product_cat","embeddable":true,"href":"https:\/\/www.findesiglo.com.uy\/tienda\/wp-json\/wp\/v2\/product_cat?post=3213"},{"taxonomy":"product_tag","embeddable":true,"href":"https:\/\/www.findesiglo.com.uy\/tienda\/wp-json\/wp\/v2\/product_tag?post=3213"}],"curies":[{"name":"wp","href":"https:\/\/api.w.org\/{rel}","templated":true}]}}