{"id":934,"date":"2020-05-21T10:57:13","date_gmt":"2020-05-21T13:57:13","guid":{"rendered":"https:\/\/www.findesiglo.com.uy\/tienda\/libro\/biodiversidad-del-uruguay\/"},"modified":"2025-09-11T12:44:31","modified_gmt":"2025-09-11T15:44:31","slug":"biodiversidad-del-uruguay","status":"publish","type":"product","link":"https:\/\/www.findesiglo.com.uy\/tienda\/libro\/biodiversidad-del-uruguay\/","title":{"rendered":"Biodiversidad del Uruguay"},"content":{"rendered":"<blockquote><p>2.do a\u00f1o de bachillerato<\/p><\/blockquote>\n<p>Destinado a estudiantes de bachillerato, docentes de distintos niveles y amantes de la naturaleza en general, teniendo como objetivo la divulgaci\u00f3n de diversos t\u00f3picos relacionados con la biodiversidad. En \u00e9l se propone la transposici\u00f3n del conocimiento cient\u00edfico de forma clara y atrayente, sin sacrificar el rigor en el tratamiento de los temas, considerando a los lectores protagonistas en la construcci\u00f3n del conocimiento. Cuenta con el aporte de cient\u00edficos y t\u00e9cnicos uruguayos, escritores y fot\u00f3grafos profesionales y aficionados, lo cual enriquece el abordaje de temas relacionados con la biodiversidad desde diferentes \u00e1ngulos.<br \/>\nEs una invitaci\u00f3n al lector al conocimiento, a la admiraci\u00f3n y a la reflexi\u00f3n, con la aspiraci\u00f3n de realizar una contribuci\u00f3n a la formaci\u00f3n de ciudadanos capaces de generar los cambios que permitan que en el futuro la vida siga siendo posible, incre\u00edble y diversa.<\/p>\n","protected":false},"excerpt":{"rendered":"<p>2.do a\u00f1o de bachillerato Destinado a estudiantes de bachillerato, docentes de distintos niveles y amantes de la naturaleza en general, [&#8230;]\n","protected":false},"featured_media":9669,"comment_status":"open","ping_status":"closed","template":"","meta":[],"product_brand":[],"product_cat":[114],"product_tag":[1409],"class_list":{"0":"post-934","1":"product","2":"type-product","3":"status-publish","4":"has-post-thumbnail","6":"product_cat-estudio-y-consulta","7":"product_tag-2-ano-bachillerato","8":"pa_autor-maria-de-leon","9":"pa_autor-virginia-gasdia","11":"first","12":"outofstock","13":"shipping-taxable","14":"purchasable","15":"product-type-simple"},"yoast_head":"<!-- This site is optimized with the Yoast SEO Premium plugin v19.3 (Yoast SEO v27.6) - https:\/\/yoast.com\/product\/yoast-seo-premium-wordpress\/ -->\n<title>Biodiversidad del Uruguay - Editorial Fin de Siglo - Librer\u00eda Online<\/title>\n<meta name=\"description\" content=\"2.do a\u00f1o de bachillerato Destinado a estudiantes de bachillerato, docentes de distintos niveles y amantes de la naturaleza en general, teniendo como\" \/>\n<meta name=\"robots\" content=\"index, follow, max-snippet:-1, max-image-preview:large, max-video-preview:-1\" \/>\n<link rel=\"canonical\" href=\"https:\/\/www.findesiglo.com.uy\/tienda\/libro\/biodiversidad-del-uruguay\/\" \/>\n<meta property=\"og:locale\" content=\"es_ES\" \/>\n<meta property=\"og:type\" content=\"article\" \/>\n<meta property=\"og:title\" content=\"Biodiversidad del Uruguay\" \/>\n<meta property=\"og:description\" content=\"2.do a\u00f1o de bachillerato Destinado a estudiantes de bachillerato, docentes de distintos niveles y amantes de la naturaleza en general, teniendo como\" \/>\n<meta property=\"og:url\" content=\"https:\/\/www.findesiglo.com.uy\/tienda\/libro\/biodiversidad-del-uruguay\/\" \/>\n<meta property=\"og:site_name\" content=\"Editorial Fin de Siglo - Librer\u00eda Online\" \/>\n<meta property=\"article:publisher\" content=\"https:\/\/www.facebook.com\/findesiglo\/\" \/>\n<meta property=\"article:modified_time\" content=\"2025-09-11T15:44:31+00:00\" \/>\n<meta property=\"og:image\" content=\"https:\/\/www.findesiglo.com.uy\/tienda\/wp-content\/uploads\/2020\/05\/BIODIVERSIDAD-EN-URUGUAY.jpg\" \/>\n\t<meta property=\"og:image:width\" content=\"1000\" \/>\n\t<meta property=\"og:image:height\" content=\"1400\" \/>\n\t<meta property=\"og:image:type\" content=\"image\/jpeg\" \/>\n<meta name=\"twitter:card\" content=\"summary_large_image\" \/>\n<meta name=\"twitter:site\" content=\"@findesiglo1\" \/>\n<meta name=\"twitter:label1\" content=\"Tiempo de lectura\" \/>\n\t<meta name=\"twitter:data1\" content=\"1 minuto\" \/>\n<script type=\"application\/ld+json\" class=\"yoast-schema-graph\">{\"@context\":\"https:\\\/\\\/schema.org\",\"@graph\":[{\"@type\":\"WebPage\",\"@id\":\"https:\\\/\\\/www.findesiglo.com.uy\\\/tienda\\\/libro\\\/biodiversidad-del-uruguay\\\/\",\"url\":\"https:\\\/\\\/www.findesiglo.com.uy\\\/tienda\\\/libro\\\/biodiversidad-del-uruguay\\\/\",\"name\":\"Biodiversidad del Uruguay - Editorial Fin de Siglo - Librer\u00eda Online\",\"isPartOf\":{\"@id\":\"https:\\\/\\\/www.findesiglo.com.uy\\\/tienda\\\/#website\"},\"primaryImageOfPage\":{\"@id\":\"https:\\\/\\\/www.findesiglo.com.uy\\\/tienda\\\/libro\\\/biodiversidad-del-uruguay\\\/#primaryimage\"},\"image\":{\"@id\":\"https:\\\/\\\/www.findesiglo.com.uy\\\/tienda\\\/libro\\\/biodiversidad-del-uruguay\\\/#primaryimage\"},\"thumbnailUrl\":\"https:\\\/\\\/www.findesiglo.com.uy\\\/tienda\\\/wp-content\\\/uploads\\\/2020\\\/05\\\/BIODIVERSIDAD-EN-URUGUAY.jpg\",\"datePublished\":\"2020-05-21T13:57:13+00:00\",\"dateModified\":\"2025-09-11T15:44:31+00:00\",\"description\":\"2.do a\u00f1o de bachillerato Destinado a estudiantes de bachillerato, docentes de distintos niveles y amantes de la naturaleza en general, teniendo como\",\"breadcrumb\":{\"@id\":\"https:\\\/\\\/www.findesiglo.com.uy\\\/tienda\\\/libro\\\/biodiversidad-del-uruguay\\\/#breadcrumb\"},\"inLanguage\":\"es\",\"potentialAction\":[{\"@type\":\"ReadAction\",\"target\":[\"https:\\\/\\\/www.findesiglo.com.uy\\\/tienda\\\/libro\\\/biodiversidad-del-uruguay\\\/\"]}]},{\"@type\":\"ImageObject\",\"inLanguage\":\"es\",\"@id\":\"https:\\\/\\\/www.findesiglo.com.uy\\\/tienda\\\/libro\\\/biodiversidad-del-uruguay\\\/#primaryimage\",\"url\":\"https:\\\/\\\/www.findesiglo.com.uy\\\/tienda\\\/wp-content\\\/uploads\\\/2020\\\/05\\\/BIODIVERSIDAD-EN-URUGUAY.jpg\",\"contentUrl\":\"https:\\\/\\\/www.findesiglo.com.uy\\\/tienda\\\/wp-content\\\/uploads\\\/2020\\\/05\\\/BIODIVERSIDAD-EN-URUGUAY.jpg\",\"width\":1000,\"height\":1400},{\"@type\":\"BreadcrumbList\",\"@id\":\"https:\\\/\\\/www.findesiglo.com.uy\\\/tienda\\\/libro\\\/biodiversidad-del-uruguay\\\/#breadcrumb\",\"itemListElement\":[{\"@type\":\"ListItem\",\"position\":1,\"name\":\"Portada\",\"item\":\"https:\\\/\\\/www.findesiglo.com.uy\\\/tienda\\\/\"},{\"@type\":\"ListItem\",\"position\":2,\"name\":\"Librer\u00eda Online Fin de Siglo\",\"item\":\"https:\\\/\\\/www.findesiglo.com.uy\\\/tienda\\\/libreria-online-fin-de-siglo\\\/\"},{\"@type\":\"ListItem\",\"position\":3,\"name\":\"Biodiversidad del Uruguay\"}]},{\"@type\":\"WebSite\",\"@id\":\"https:\\\/\\\/www.findesiglo.com.uy\\\/tienda\\\/#website\",\"url\":\"https:\\\/\\\/www.findesiglo.com.uy\\\/tienda\\\/\",\"name\":\"Editorial Fin de Siglo - Librer\u00eda Online\",\"description\":\"Librer\u00eda Online de Editorial Fin de Siglo\",\"publisher\":{\"@id\":\"https:\\\/\\\/www.findesiglo.com.uy\\\/tienda\\\/#organization\"},\"potentialAction\":[{\"@type\":\"SearchAction\",\"target\":{\"@type\":\"EntryPoint\",\"urlTemplate\":\"https:\\\/\\\/www.findesiglo.com.uy\\\/tienda\\\/?s={search_term_string}\"},\"query-input\":{\"@type\":\"PropertyValueSpecification\",\"valueRequired\":true,\"valueName\":\"search_term_string\"}}],\"inLanguage\":\"es\"},{\"@type\":\"Organization\",\"@id\":\"https:\\\/\\\/www.findesiglo.com.uy\\\/tienda\\\/#organization\",\"name\":\"Editorial Fin de Siglo\",\"url\":\"https:\\\/\\\/www.findesiglo.com.uy\\\/tienda\\\/\",\"logo\":{\"@type\":\"ImageObject\",\"inLanguage\":\"es\",\"@id\":\"https:\\\/\\\/www.findesiglo.com.uy\\\/tienda\\\/#\\\/schema\\\/logo\\\/image\\\/\",\"url\":\"https:\\\/\\\/www.findesiglo.com.uy\\\/tienda\\\/wp-content\\\/uploads\\\/2020\\\/05\\\/logo_editorial_fin_de_siglo_03.png\",\"contentUrl\":\"https:\\\/\\\/www.findesiglo.com.uy\\\/tienda\\\/wp-content\\\/uploads\\\/2020\\\/05\\\/logo_editorial_fin_de_siglo_03.png\",\"width\":260,\"height\":99,\"caption\":\"Editorial Fin de Siglo\"},\"image\":{\"@id\":\"https:\\\/\\\/www.findesiglo.com.uy\\\/tienda\\\/#\\\/schema\\\/logo\\\/image\\\/\"},\"sameAs\":[\"https:\\\/\\\/www.facebook.com\\\/findesiglo\\\/\",\"https:\\\/\\\/x.com\\\/findesiglo1\",\"https:\\\/\\\/www.instagram.com\\\/findesiglo.uy\"]}]}<\/script>\n<!-- \/ Yoast SEO Premium plugin. -->","yoast_head_json":{"title":"Biodiversidad del Uruguay - Editorial Fin de Siglo - Librer\u00eda Online","description":"2.do a\u00f1o de bachillerato Destinado a estudiantes de bachillerato, docentes de distintos niveles y amantes de la naturaleza en general, teniendo como","robots":{"index":"index","follow":"follow","max-snippet":"max-snippet:-1","max-image-preview":"max-image-preview:large","max-video-preview":"max-video-preview:-1"},"canonical":"https:\/\/www.findesiglo.com.uy\/tienda\/libro\/biodiversidad-del-uruguay\/","og_locale":"es_ES","og_type":"article","og_title":"Biodiversidad del Uruguay","og_description":"2.do a\u00f1o de bachillerato Destinado a estudiantes de bachillerato, docentes de distintos niveles y amantes de la naturaleza en general, teniendo como","og_url":"https:\/\/www.findesiglo.com.uy\/tienda\/libro\/biodiversidad-del-uruguay\/","og_site_name":"Editorial Fin de Siglo - Librer\u00eda Online","article_publisher":"https:\/\/www.facebook.com\/findesiglo\/","article_modified_time":"2025-09-11T15:44:31+00:00","og_image":[{"width":1000,"height":1400,"url":"https:\/\/www.findesiglo.com.uy\/tienda\/wp-content\/uploads\/2020\/05\/BIODIVERSIDAD-EN-URUGUAY.jpg","type":"image\/jpeg"}],"twitter_card":"summary_large_image","twitter_site":"@findesiglo1","twitter_misc":{"Tiempo de lectura":"1 minuto"},"schema":{"@context":"https:\/\/schema.org","@graph":[{"@type":"WebPage","@id":"https:\/\/www.findesiglo.com.uy\/tienda\/libro\/biodiversidad-del-uruguay\/","url":"https:\/\/www.findesiglo.com.uy\/tienda\/libro\/biodiversidad-del-uruguay\/","name":"Biodiversidad del Uruguay - Editorial Fin de Siglo - Librer\u00eda Online","isPartOf":{"@id":"https:\/\/www.findesiglo.com.uy\/tienda\/#website"},"primaryImageOfPage":{"@id":"https:\/\/www.findesiglo.com.uy\/tienda\/libro\/biodiversidad-del-uruguay\/#primaryimage"},"image":{"@id":"https:\/\/www.findesiglo.com.uy\/tienda\/libro\/biodiversidad-del-uruguay\/#primaryimage"},"thumbnailUrl":"https:\/\/www.findesiglo.com.uy\/tienda\/wp-content\/uploads\/2020\/05\/BIODIVERSIDAD-EN-URUGUAY.jpg","datePublished":"2020-05-21T13:57:13+00:00","dateModified":"2025-09-11T15:44:31+00:00","description":"2.do a\u00f1o de bachillerato Destinado a estudiantes de bachillerato, docentes de distintos niveles y amantes de la naturaleza en general, teniendo como","breadcrumb":{"@id":"https:\/\/www.findesiglo.com.uy\/tienda\/libro\/biodiversidad-del-uruguay\/#breadcrumb"},"inLanguage":"es","potentialAction":[{"@type":"ReadAction","target":["https:\/\/www.findesiglo.com.uy\/tienda\/libro\/biodiversidad-del-uruguay\/"]}]},{"@type":"ImageObject","inLanguage":"es","@id":"https:\/\/www.findesiglo.com.uy\/tienda\/libro\/biodiversidad-del-uruguay\/#primaryimage","url":"https:\/\/www.findesiglo.com.uy\/tienda\/wp-content\/uploads\/2020\/05\/BIODIVERSIDAD-EN-URUGUAY.jpg","contentUrl":"https:\/\/www.findesiglo.com.uy\/tienda\/wp-content\/uploads\/2020\/05\/BIODIVERSIDAD-EN-URUGUAY.jpg","width":1000,"height":1400},{"@type":"BreadcrumbList","@id":"https:\/\/www.findesiglo.com.uy\/tienda\/libro\/biodiversidad-del-uruguay\/#breadcrumb","itemListElement":[{"@type":"ListItem","position":1,"name":"Portada","item":"https:\/\/www.findesiglo.com.uy\/tienda\/"},{"@type":"ListItem","position":2,"name":"Librer\u00eda Online Fin de Siglo","item":"https:\/\/www.findesiglo.com.uy\/tienda\/libreria-online-fin-de-siglo\/"},{"@type":"ListItem","position":3,"name":"Biodiversidad del Uruguay"}]},{"@type":"WebSite","@id":"https:\/\/www.findesiglo.com.uy\/tienda\/#website","url":"https:\/\/www.findesiglo.com.uy\/tienda\/","name":"Editorial Fin de Siglo - Librer\u00eda Online","description":"Librer\u00eda Online de Editorial Fin de Siglo","publisher":{"@id":"https:\/\/www.findesiglo.com.uy\/tienda\/#organization"},"potentialAction":[{"@type":"SearchAction","target":{"@type":"EntryPoint","urlTemplate":"https:\/\/www.findesiglo.com.uy\/tienda\/?s={search_term_string}"},"query-input":{"@type":"PropertyValueSpecification","valueRequired":true,"valueName":"search_term_string"}}],"inLanguage":"es"},{"@type":"Organization","@id":"https:\/\/www.findesiglo.com.uy\/tienda\/#organization","name":"Editorial Fin de Siglo","url":"https:\/\/www.findesiglo.com.uy\/tienda\/","logo":{"@type":"ImageObject","inLanguage":"es","@id":"https:\/\/www.findesiglo.com.uy\/tienda\/#\/schema\/logo\/image\/","url":"https:\/\/www.findesiglo.com.uy\/tienda\/wp-content\/uploads\/2020\/05\/logo_editorial_fin_de_siglo_03.png","contentUrl":"https:\/\/www.findesiglo.com.uy\/tienda\/wp-content\/uploads\/2020\/05\/logo_editorial_fin_de_siglo_03.png","width":260,"height":99,"caption":"Editorial Fin de Siglo"},"image":{"@id":"https:\/\/www.findesiglo.com.uy\/tienda\/#\/schema\/logo\/image\/"},"sameAs":["https:\/\/www.facebook.com\/findesiglo\/","https:\/\/x.com\/findesiglo1","https:\/\/www.instagram.com\/findesiglo.uy"]}]}},"_links":{"self":[{"href":"https:\/\/www.findesiglo.com.uy\/tienda\/wp-json\/wp\/v2\/product\/934","targetHints":{"allow":["GET"]}}],"collection":[{"href":"https:\/\/www.findesiglo.com.uy\/tienda\/wp-json\/wp\/v2\/product"}],"about":[{"href":"https:\/\/www.findesiglo.com.uy\/tienda\/wp-json\/wp\/v2\/types\/product"}],"replies":[{"embeddable":true,"href":"https:\/\/www.findesiglo.com.uy\/tienda\/wp-json\/wp\/v2\/comments?post=934"}],"wp:featuredmedia":[{"embeddable":true,"href":"https:\/\/www.findesiglo.com.uy\/tienda\/wp-json\/wp\/v2\/media\/9669"}],"wp:attachment":[{"href":"https:\/\/www.findesiglo.com.uy\/tienda\/wp-json\/wp\/v2\/media?parent=934"}],"wp:term":[{"taxonomy":"product_brand","embeddable":true,"href":"https:\/\/www.findesiglo.com.uy\/tienda\/wp-json\/wp\/v2\/product_brand?post=934"},{"taxonomy":"product_cat","embeddable":true,"href":"https:\/\/www.findesiglo.com.uy\/tienda\/wp-json\/wp\/v2\/product_cat?post=934"},{"taxonomy":"product_tag","embeddable":true,"href":"https:\/\/www.findesiglo.com.uy\/tienda\/wp-json\/wp\/v2\/product_tag?post=934"}],"curies":[{"name":"wp","href":"https:\/\/api.w.org\/{rel}","templated":true}]}}